{"id":2551,"date":"2025-09-05T08:39:37","date_gmt":"2025-09-05T06:39:37","guid":{"rendered":"https:\/\/aluminiosalutech.com\/accessoris-per-a-finestres\/tendals-a-mida\/"},"modified":"2025-10-17T17:02:56","modified_gmt":"2025-10-17T15:02:56","slug":"tendals-a-mida","status":"publish","type":"page","link":"https:\/\/aluminiosalutech.com\/ca\/accessoris-per-a-finestres\/tendals-a-mida\/","title":{"rendered":"Tendals a mida"},"content":{"rendered":"<p>[et_pb_section fb_built=&#8221;1&#8243; admin_label=&#8221;section&#8221; _builder_version=&#8221;4.27.4&#8243; background_color=&#8221;#eeefee&#8221; custom_padding=&#8221;0px||0px||true|false&#8221; global_colors_info=&#8221;{}&#8221;][et_pb_row make_equal=&#8221;on&#8221; admin_label=&#8221;row&#8221; _builder_version=&#8221;4.27.4&#8243; background_size=&#8221;initial&#8221; background_position=&#8221;top_left&#8221; background_repeat=&#8221;repeat&#8221; width=&#8221;90%&#8221; custom_padding=&#8221;0em||0em||true|false&#8221; global_colors_info=&#8221;{}&#8221;][et_pb_column type=&#8221;4_4&#8243; _builder_version=&#8221;4.27.4&#8243; background_enable_color=&#8221;off&#8221; background_enable_image=&#8221;off&#8221; custom_padding=&#8221;2em|2em|2em|2em|true|true&#8221; global_colors_info=&#8221;{}&#8221; custom_padding__hover=&#8221;|||&#8221;][et_pb_text _builder_version=&#8221;4.27.4&#8243; _module_preset=&#8221;default&#8221; text_font=&#8221;|||on|||||&#8221; text_text_color=&#8221;#239292&#8243; header_text_align=&#8221;center&#8221; header_text_color=&#8221;#000000&#8243; header_2_text_align=&#8221;center&#8221; header_2_text_color=&#8221;#FFFFFF&#8221; header_2_font_size=&#8221;30px&#8221; header_2_line_height=&#8221;1.2em&#8221; text_orientation=&#8221;center&#8221; custom_margin=&#8221;||0em||false|false&#8221; header_font_size_tablet=&#8221;&#8221; header_font_size_phone=&#8221;25px&#8221; header_font_size_last_edited=&#8221;on|phone&#8221; header_2_font_size_tablet=&#8221;30px&#8221; header_2_font_size_phone=&#8221;25px&#8221; header_2_font_size_last_edited=&#8221;on|phone&#8221; custom_css_free_form=&#8221;selector em{||  color:#2FBDCA;||  font-weight:bold;||  font-style:normal;||}||selector h1,||selector h2{||  padding-bottom:0px;||  display:ruby !important;||}||selector .et_pb_text_inner,||selector .et_pb_text_inner *{||  display: flex;||  justify-content: center;||  align-items:center;||}||selector .et_pb_text_inner img{||  margin-left:1em;||}||@media(max-width:768px){||  selector .et_pb_text_inner img{||  display:none;||}||}&#8221; global_colors_info=&#8221;{}&#8221;]<\/p>\n<h1><strong>Tendals a mida <img loading=\"lazy\" decoding=\"async\" src=\"https:\/\/aluminiosalutech.com\/wp-content\/uploads\/alutech-icono-toldos-2.webp\" width=\"50\" height=\"50\" alt=\"Alutech | Icono Tendals\" class=\"wp-image-299 alignnone size-full\" \/><br \/>\n<\/strong><strong><\/strong><\/h1>\n<p>[\/et_pb_text][\/et_pb_column][\/et_pb_row][\/et_pb_section][et_pb_section fb_built=&#8221;1&#8243; admin_label=&#8221;section&#8221; _builder_version=&#8221;4.27.4&#8243; custom_padding=&#8221;0px||0px||true|false&#8221; locked=&#8221;off&#8221; global_colors_info=&#8221;{}&#8221;][et_pb_row column_structure=&#8221;1_2,1_2&#8243; make_equal=&#8221;on&#8221; custom_padding_last_edited=&#8221;on|phone&#8221; admin_label=&#8221;row&#8221; _builder_version=&#8221;4.27.4&#8243; background_size=&#8221;initial&#8221; background_position=&#8221;top_left&#8221; background_repeat=&#8221;repeat&#8221; width=&#8221;90%&#8221; custom_padding=&#8221;3em||3em||true|false&#8221; custom_padding_tablet=&#8221;0em||0em||true|false&#8221; custom_padding_phone=&#8221;0em||0em||true|false&#8221; global_colors_info=&#8221;{}&#8221;][et_pb_column type=&#8221;1_2&#8243; _builder_version=&#8221;4.27.4&#8243; custom_padding=&#8221;||3em||false|false&#8221; custom_padding_tablet=&#8221;||0em||false|false&#8221; custom_padding_phone=&#8221;||0em||false|false&#8221; custom_padding_last_edited=&#8221;on|tablet&#8221; global_colors_info=&#8221;{}&#8221; custom_padding__hover=&#8221;|||&#8221;][et_pb_code admin_label=&#8221;Breabcrumb&#8221; _builder_version=&#8221;4.27.4&#8243; _module_preset=&#8221;default&#8221; width=&#8221;100%&#8221; custom_margin=&#8221;||1em||false|false&#8221; global_colors_info=&#8221;{}&#8221;]<nav class=\"welove-breadcrumbs\" aria-label=\"breadcrumbs\"><a href=\"https:\/\/aluminiosalutech.com\/ca\/\">Inicio<\/a>&#8221;<\/nav>[\/et_pb_code][et_pb_text _builder_version=&#8221;4.27.4&#8243; _module_preset=&#8221;default&#8221; text_font=&#8221;|||on|||||&#8221; header_2_text_align=&#8221;left&#8221; header_2_font_size=&#8221;30px&#8221; header_2_line_height=&#8221;1.2em&#8221; custom_margin=&#8221;||1em||false|false&#8221; header_2_font_size_tablet=&#8221;30px&#8221; header_2_font_size_phone=&#8221;25px&#8221; header_2_font_size_last_edited=&#8221;on|phone&#8221; custom_css_free_form=&#8221;selector em{||  color:#198385;||  font-weight:bold;||  font-style:normal;||}||selector h2{||  padding-bottom:0px;||}&#8221; global_colors_info=&#8221;{}&#8221;]<\/p>\n<h2><em>Tendals <\/em><\/h2>\n<p>[\/et_pb_text][et_pb_text ul_type=&#8221;square&#8221; ul_position=&#8221;inside&#8221; ul_item_indent=&#8221;1em&#8221; _builder_version=&#8221;4.27.4&#8243; _module_preset=&#8221;default&#8221; text_font=&#8221;|300|||||||&#8221; custom_margin=&#8221;||1em||false|false&#8221; custom_css_free_form=&#8221;selector ul {||  list-style-type: square; \/* marcador cuadrado nativo *\/||  padding-left: 1.5em;     \/* espacio para que no se monte *\/||  padding-top:1em;||  margin: 0;||}||||selector ul li {||  line-height: 1.5em;      \/* altura de l\u00ednea consistente *\/||  padding-left: 0em;     \/* separa texto del marcador *\/||  margin-bottom:0.5em;||}||||selector ul li::marker {||  font-size: 1.2em;        \/* ajusta tama\u00f1o del cuadrado *\/||  color: #239292;          \/* color personalizado *\/||}&#8221; locked=&#8221;off&#8221; global_colors_info=&#8221;{}&#8221;]<\/p>\n<p><strong>Tendals i p\u00e8rgoles a mida<\/strong> per crear ombra sense perdre ventilaci\u00f3 quan el sol apreta. Fabriquem tot tipus de tendals (stor, cortavents, punt recte, extensibles, cofre i semicofre) i p\u00e8rgoles amb lonas d\u2019alta qualitat, tractaments antimanchas i impermeabilitzants, accionament manual o motoritzat i 10 anys de garantia.<\/p>\n<ul>\n<li><strong>Confort immediat:<\/strong> bloquegen radiaci\u00f3 i calor mantenint la circulaci\u00f3 d\u2019aire.<\/li>\n<li><strong>Estalvi i gaudi:<\/strong> redueixen c\u00e0rrega t\u00e8rmica interior i allarguen la temporada d\u2019\u00fas exterior.<\/li>\n<li><strong>Est\u00e8tica i ajust total:<\/strong> solucions 100% personalitzades en models, mesures i acabats.<\/li>\n<li><strong>Llarga vida \u00fatil:<\/strong> lonas t\u00e8cniques i estructures robustes amb f\u00e0cil manteniment i garantia de 10 anys.<\/li>\n<\/ul>\n<p>Tria el sistema que millor s\u2019adapti al teu espai, tendal extensible, stor o tipus cofre i combina\u2019l amb p\u00e8rgoles a mida per guanyar metres habitables, protecci\u00f3 davant de pluja lleugera i un acabat professional que revaloritza la teva terrassa o negoci.<\/p>\n<p>[\/et_pb_text][et_pb_button button_url=&#8221;@ET-DC@eyJkeW5hbWljIjp0cnVlLCJjb250ZW50IjoicG9zdF9saW5rX3VybF9wYWdlIiwic2V0dGluZ3MiOnsicG9zdF9pZCI6IjgzIn19@&#8221; button_text=&#8221;Demana m\u00e9s informaci\u00f3&#8221; _builder_version=&#8221;4.27.4&#8243; _dynamic_attributes=&#8221;button_url&#8221; _module_preset=&#8221;default&#8221; custom_button=&#8221;on&#8221; button_text_size=&#8221;14px&#8221; button_text_color=&#8221;#FFFFFF&#8221; button_bg_color=&#8221;#198385&#8243; button_font=&#8221;|700|||||||&#8221; button_use_icon=&#8221;off&#8221; global_colors_info=&#8221;{}&#8221; button_bg_color__hover_enabled=&#8221;on|hover&#8221; button_bg_color__hover=&#8221;#757575&#8243; button_bg_enable_color__hover=&#8221;on&#8221;][\/et_pb_button][\/et_pb_column][et_pb_column type=&#8221;1_2&#8243; _builder_version=&#8221;4.27.4&#8243; background_enable_color=&#8221;off&#8221; background_image=&#8221;https:\/\/aluminiosalutech.com\/wp-content\/uploads\/alutech-toldos-2.webp&#8221; custom_padding=&#8221;15em|2em|15em|2em|true|true&#8221; custom_padding_tablet=&#8221;18em|2em|18em|2em|true|true&#8221; custom_padding_phone=&#8221;10em|2em|10em|2em|true|true&#8221; custom_padding_last_edited=&#8221;on|phone&#8221; global_colors_info=&#8221;{}&#8221; custom_padding__hover=&#8221;|||&#8221; custom_css_main_element_last_edited=&#8221;on|phone&#8221; custom_css_main_element_tablet=&#8221;display:flex !important;&#8221; custom_css_main_element_phone=&#8221;display:flex !important;&#8221;][\/et_pb_column][\/et_pb_row][\/et_pb_section][et_pb_section fb_built=&#8221;1&#8243; admin_label=&#8221;section&#8221; _builder_version=&#8221;4.27.4&#8243; background_color=&#8221;#FFFFFF&#8221; custom_padding=&#8221;0px||3em||false|false&#8221; locked=&#8221;off&#8221; global_colors_info=&#8221;{}&#8221;][et_pb_row admin_label=&#8221;row&#8221; _builder_version=&#8221;4.27.4&#8243; background_size=&#8221;initial&#8221; background_position=&#8221;top_left&#8221; background_repeat=&#8221;repeat&#8221; width=&#8221;90%&#8221; global_colors_info=&#8221;{}&#8221;][et_pb_column type=&#8221;4_4&#8243; _builder_version=&#8221;4.16&#8243; custom_padding=&#8221;|||&#8221; global_colors_info=&#8221;{}&#8221; custom_padding__hover=&#8221;|||&#8221;][et_pb_text _builder_version=&#8221;4.27.4&#8243; _module_preset=&#8221;default&#8221; text_font=&#8221;|||on|||||&#8221; header_2_font_size=&#8221;30px&#8221; header_2_line_height=&#8221;1.2em&#8221; width=&#8221;100%&#8221; custom_margin=&#8221;||1em||false|false&#8221; header_2_font_size_tablet=&#8221;30px&#8221; header_2_font_size_phone=&#8221;25px&#8221; header_2_font_size_last_edited=&#8221;on|phone&#8221; custom_css_free_form=&#8221;selector em{||  color:#198385;||  font-weight:bold;||  font-style:normal;||}||selector h2{||  padding-bottom:0px;||}&#8221; global_colors_info=&#8221;{}&#8221;]<\/p>\n<h2 style=\"text-align: center;\">Tipus de <em><strong>tendals<\/strong><\/em><\/h2>\n<p>[\/et_pb_text][\/et_pb_column][\/et_pb_row][et_pb_row admin_label=&#8221;row&#8221; _builder_version=&#8221;4.27.4&#8243; background_enable_color=&#8221;off&#8221; background_size=&#8221;initial&#8221; background_position=&#8221;top_left&#8221; background_repeat=&#8221;repeat&#8221; width=&#8221;90%&#8221; custom_margin=&#8221;||0px||false|false&#8221; custom_padding=&#8221;0px||0px||true|false&#8221; global_colors_info=&#8221;{}&#8221;][et_pb_column type=&#8221;4_4&#8243; _builder_version=&#8221;4.27.4&#8243; custom_padding=&#8221;|||&#8221; custom_css_main_element=&#8221;display:flex;||justify-content:space-around;||flex-flow:wrap;&#8221; global_colors_info=&#8221;{}&#8221; custom_padding__hover=&#8221;|||&#8221;][et_pb_accordion _builder_version=&#8221;4.27.4&#8243; _module_preset=&#8221;default&#8221; toggle_level=&#8221;h3&#8243; toggle_font=&#8221;|||on|||||&#8221; toggle_text_align=&#8221;center&#8221; toggle_font_size=&#8221;16px&#8221; global_colors_info=&#8221;{}&#8221;][et_pb_accordion_item title=&#8221;TENDAL STOR&#8221; open=&#8221;on&#8221; _builder_version=&#8221;4.27.4&#8243; _module_preset=&#8221;default&#8221; global_colors_info=&#8221;{}&#8221;]<\/p>\n<p><strong>Tendal stor<\/strong> per a balc\u00f3: sistema espec\u00edfic per <strong>fixar-se a la barana<\/strong> mitjan\u00e7ant bra\u00e7os amb passador i molla, i ancoratges d\u2019alumini. Permet dues posicions: <strong>caiguda vertical<\/strong> per a m\u00e0xima protecci\u00f3 solar i privacitat, o <strong>projectat (\u224890\u00b0)<\/strong> per deixar passar l\u2019aire sense enlluernaments. En recollir-se, queda a la part superior, discret i protegit.<\/p>\n<p>Ideal per a balcons i finestres amb barana, destaca per la seva senzillesa d\u2019\u00fas, instal\u00b7laci\u00f3 r\u00e0pida i manteniment m\u00ednim. Es fabrica amb lonas acr\u00edliques, microperforades o PVC (segons necessitat d\u2019ombra, ventilaci\u00f3 o resist\u00e8ncia a la pluja) i admet colors i acabats a joc amb la fa\u00e7ana. Opci\u00f3 perfecta per guanyar confort t\u00e8rmic, reduir la despesa en climatitzaci\u00f3 i millorar l\u2019est\u00e8tica de l\u2019edifici.<\/p>\n<p>[\/et_pb_accordion_item][et_pb_accordion_item title=&#8221;Tendal Tallavents&#8221; _builder_version=&#8221;4.27.4&#8243; _module_preset=&#8221;default&#8221; global_colors_info=&#8221;{}&#8221; open=&#8221;off&#8221;]<\/p>\n<p style=\"text-align: center;\">Soluci\u00f3 vertical per tancar laterals de <strong>p\u00e8rgoles i terrasses<\/strong> i guanyar confort tot l\u2019any en vivendes, bars i cafeteries. El llen\u00e7 descend entre dues guies laterals que aporten estabilitat davant de ratxes de vent. Pot incorporar finestra de PVC transparent per mantenir la llum i la visibilitat.<\/p>\n<p style=\"text-align: center;\">Es fabrica a mida i admet <strong>lonas acr\u00edliques, microperforades o PVC<\/strong> segons necessitis ombra, ventilaci\u00f3 o protecci\u00f3 davant de pluja. Accionament manual o motoritzat i acabats combinables amb l\u2019estructura existent.<\/p>\n<p style=\"text-align: center;\"><strong>Avantatges clau<\/strong><\/p>\n<p style=\"text-align: center;\">Protegeix del vent, sol i corrents, millorant el confort t\u00e8rmic.<br \/>Aporta intimitat sense perdre lluminositat amb la finestra opcional.<br \/>Estable i segur gr\u00e0cies a les guies laterals.<br \/>Est\u00e8tic i personalitzable per integrar-se en qualsevol fa\u00e7ana o jard\u00ed.<\/p>\n<p>[\/et_pb_accordion_item][et_pb_accordion_item title=&#8221;Tendal de punt recte&#8221; _builder_version=&#8221;4.27.4&#8243; _module_preset=&#8221;default&#8221; global_colors_info=&#8221;{}&#8221; open=&#8221;off&#8221;]<\/p>\n<p>Soluci\u00f3 cl\u00e0ssica i vers\u00e0til per a finestres, balcons i terrasses de mida petita i mitjana. Ofereix ombra efica\u00e7, est\u00e8tica neta i una instal\u00b7laci\u00f3 senzilla que s\u2019adapta a fa\u00e7ana o a buidat.<\/p>\n<p><strong>Com funciona<\/strong><br \/>Incorpora suports i bra\u00e7os independents que projecten la lona amb caiguda regulable. Pot motoritzar-se o accionar-se amb maneta. En versi\u00f3 amb tensi\u00f3, la molla amb cadena d\u2019acer inoxidable aplica una pressi\u00f3 progressiva que mant\u00e9 la lona ferma i redueix el moviment per vent.<\/p>\n<p><strong>Avantatges clau<\/strong><\/p>\n<p><strong>Protecci\u00f3 solar<\/strong> i confort t\u00e8rmic sense perdre ventilaci\u00f3.<br \/><strong>Seguretat i estabilitat<\/strong> gr\u00e0cies als bra\u00e7os amb tensi\u00f3.<br \/><strong>Disseny atemporal<\/strong> que real\u00e7a la fa\u00e7ana.<br \/><strong>Automatitzable:<\/strong> motor, comandament, sensor sol\/vent (opcional).<\/p>\n<p><strong>Lones i acabats<\/strong><br \/>Disponible en acr\u00edlica, microperforada o PVC (segons necessitats d\u2019ombra, ventilaci\u00f3 o pluja). Estructura lacada en m\u00faltiples colors per integrar amb l\u2019arquitectura.<\/p>\n<p><strong>Mides m\u00e0ximes<\/strong><\/p>\n<p><strong>Punt recte est\u00e0ndard:<\/strong> l\u00ednia 5,00 m \u00b7 sortida 2,00 m<br \/><strong>Amb tensi\u00f3:<\/strong> l\u00ednia 5,00 m \u00b7 sortida 1,60 m<\/p>\n<p>Ideal si busques un tendal robust, est\u00e8tic i f\u00e0cil d\u2019usar per controlar la llum i la temperatura en buidats de fa\u00e7ana.<\/p>\n<p>[\/et_pb_accordion_item][et_pb_accordion_item title=&#8221;Tendal extensible&#8221; _builder_version=&#8221;4.27.4&#8243; _module_preset=&#8221;default&#8221; global_colors_info=&#8221;{}&#8221; open=&#8221;off&#8221;]<\/p>\n<p><strong>Els tendals extensibles s\u00f3n ideals per cobrir grans longituds<\/strong>, ja sigui en la l\u00ednia total del tendal o en l\u2019extensi\u00f3 dels bra\u00e7os, fins i tot es poden afegir bra\u00e7os intermedis si cal. Aquests tendals tenen grans avantatges en la instal\u00b7laci\u00f3, gr\u00e0cies als seus suports d\u2019alumini fos que faciliten el muntatge.<\/p>\n<p>A m\u00e9s, es poden instal\u00b7lar tant en posici\u00f3 vertical com horitzontal, amb la possibilitat d\u2019inclinar-se fins a 90 graus gr\u00e0cies al sistema de regulaci\u00f3 altament prec\u00eds que posseeixen.<\/p>\n<p>Els tendals extensibles es poden fixar a qualsevol part de la construcci\u00f3, ja sigui al lateral, al front o al sostre. Les mides m\u00e0ximes d\u2019un tendal extensible s\u00f3n de 6 m en l\u00ednia i 3,5 m d\u2019extensi\u00f3, tot i que si es requereix una mida major, es recomana instal\u00b7lar el tendal en diversos m\u00f2duls.<\/p>\n<p>Es poden instal\u00b7lar tendals extensibles que es creuin per aconseguir extensions majors que les l\u00ednies m\u00e0ximes. Es pot motoritzar i automatitzar, o utilitzar una maneta per al seu accionament manual. Per a una major protecci\u00f3, es pot afegir un teuladell, un cofre o un semicofre.<\/p>\n<p>[\/et_pb_accordion_item][et_pb_accordion_item title=&#8221;Tendal cofre&#8221; _builder_version=&#8221;4.27.4&#8243; _module_preset=&#8221;default&#8221; global_colors_info=&#8221;{}&#8221; open=&#8221;off&#8221;]Els tendals cofre s\u00f3n un tipus de tendal amb bra\u00e7os invisibles, un sistema que ofereix gran protecci\u00f3 tant a la lona com als bra\u00e7os que el componen. \u00c9s especialment adequat per a terrasses i jardins i es considera el millor producte per als instal\u00b7ladors professionals de tendals. Gr\u00e0cies al seu sistema d\u2019autoprotecci\u00f3, la lona pot durar de tres a quatre vegades m\u00e9s. A m\u00e9s, el seu disseny est\u00e8tic encaixa perfectament en els ambients m\u00e9s selectes.<\/p>\n<p>Aquests tendals es poden fixar al sostre o de manera frontal, permetent una f\u00e0cil regulaci\u00f3 de la inclinaci\u00f3 dels bra\u00e7os i oferint la possibilitat de variar els graus d\u2019inclinaci\u00f3. Els bra\u00e7os no erosionen el lacat i milloren la transmissi\u00f3. Gr\u00e0cies al seu disseny amb l\u00ednies suaus i arrodonides, s\u2019oculta la cargolada i els elements mec\u00e0nics, millorant l\u2019est\u00e8tica. Els bra\u00e7os no freguen amb la lona gr\u00e0cies a un cargol de regulaci\u00f3 de l\u2019altura.<\/p>\n<p>Per a tendals de petites dimensions, es pot utilitzar un accionament manual amb maneta, per\u00f2 es recomana la motoritzaci\u00f3 en cas de mides majors. \u00c9s possible automatitzar-los amb tot tipus de sistemes. La l\u00ednia m\u00e0xima recomanada \u00e9s de 5 m, amb una sortida de 3 m.<\/p>\n<p>Es recomana recollir els tendals cofre en cas de vents forts i s\u2019aconsella la instal\u00b7laci\u00f3 d\u2019un sistema vent\/sol per a una major seguretat.[\/et_pb_accordion_item][et_pb_accordion_item title=&#8221;Tendal Semicofre&#8221; _builder_version=&#8221;4.27.4&#8243; _module_preset=&#8221;default&#8221; global_colors_info=&#8221;{}&#8221; open=&#8221;off&#8221;]<\/p>\n<p>El <strong>tendal semicofre<\/strong> \u00e9s una soluci\u00f3 est\u00e8tica per a la instal\u00b7laci\u00f3 de tendals, compost per un component t\u00e8xtil i perfils envolvents d\u2019alumini extru\u00eft que afavoreixen l\u2019aparen\u00e7a de la instal\u00b7laci\u00f3. Aquests perfils envolten la totalitat de la tela quan el tendal est\u00e0 aixecat i permeten una inclinaci\u00f3 de gaireb\u00e9 90\u00ba gr\u00e0cies al seu sistema de regulaci\u00f3.<\/p>\n<p>A difer\u00e8ncia dels tendals cofre, en els tendals semicofre nom\u00e9s els bra\u00e7os queden fora de protecci\u00f3 i no es poden instal\u00b7lar bra\u00e7os intermedis. La mida m\u00e0xima de l\u00ednia \u00e9s de 5,5 m i de sortida 3 m. El tendal es pot adaptar a qualsevol dimensi\u00f3 amb un kit de bra\u00e7os creuats.<\/p>\n<p>Es recomana recollir-lo en condicions de vent fort, per la qual cosa \u00e9s preferible automatitzar-lo. Es poden motoritzar amb qualsevol model de motor i el seu sistema de fixaci\u00f3 pot ser frontal, lateral o al sostre.<\/p>\n<p>[\/et_pb_accordion_item][\/et_pb_accordion][\/et_pb_column][\/et_pb_row][\/et_pb_section][et_pb_section fb_built=&#8221;1&#8243; admin_label=&#8221;section&#8221; _builder_version=&#8221;4.27.4&#8243; background_color=&#8221;#FFFFFF&#8221; custom_padding=&#8221;0px||3em||false|false&#8221; locked=&#8221;off&#8221; global_colors_info=&#8221;{}&#8221;][et_pb_row admin_label=&#8221;row&#8221; _builder_version=&#8221;4.27.4&#8243; background_size=&#8221;initial&#8221; background_position=&#8221;top_left&#8221; background_repeat=&#8221;repeat&#8221; width=&#8221;90%&#8221; global_colors_info=&#8221;{}&#8221;][et_pb_column type=&#8221;4_4&#8243; _builder_version=&#8221;4.16&#8243; custom_padding=&#8221;|||&#8221; global_colors_info=&#8221;{}&#8221; custom_padding__hover=&#8221;|||&#8221;][et_pb_text _builder_version=&#8221;4.27.4&#8243; _module_preset=&#8221;default&#8221; text_font=&#8221;|||on|||||&#8221; header_2_font_size=&#8221;30px&#8221; header_2_line_height=&#8221;1.2em&#8221; width=&#8221;100%&#8221; custom_margin=&#8221;||1em||false|false&#8221; header_2_font_size_tablet=&#8221;30px&#8221; header_2_font_size_phone=&#8221;25px&#8221; header_2_font_size_last_edited=&#8221;on|phone&#8221; custom_css_free_form=&#8221;selector em{||  color:#198385;||  font-weight:bold;||  font-style:normal;||}||selector h2{||  padding-bottom:0px;||}&#8221; global_colors_info=&#8221;{}&#8221;]<\/p>\n<h2 style=\"text-align: center;\">Tipus de <em><strong>p\u00e8rgoles<\/strong><\/em><\/h2>\n<p>[\/et_pb_text][\/et_pb_column][\/et_pb_row][et_pb_row admin_label=&#8221;row&#8221; _builder_version=&#8221;4.27.4&#8243; background_enable_color=&#8221;off&#8221; background_size=&#8221;initial&#8221; background_position=&#8221;top_left&#8221; background_repeat=&#8221;repeat&#8221; width=&#8221;90%&#8221; custom_margin=&#8221;||0px||false|false&#8221; custom_padding=&#8221;0px||0px||true|false&#8221; global_colors_info=&#8221;{}&#8221;][et_pb_column type=&#8221;4_4&#8243; _builder_version=&#8221;4.27.4&#8243; custom_padding=&#8221;|||&#8221; custom_css_main_element=&#8221;display:flex;||justify-content:space-around;||flex-flow:wrap;&#8221; global_colors_info=&#8221;{}&#8221; custom_padding__hover=&#8221;|||&#8221;][et_pb_accordion _builder_version=&#8221;4.27.4&#8243; _module_preset=&#8221;default&#8221; toggle_level=&#8221;h3&#8243; toggle_font=&#8221;|||on|||||&#8221; toggle_text_align=&#8221;center&#8221; toggle_font_size=&#8221;16px&#8221; global_colors_info=&#8221;{}&#8221;][et_pb_accordion_item title=&#8221;P\u00e8rgola tradicional&#8221; open=&#8221;on&#8221; _builder_version=&#8221;4.27.4&#8243; _module_preset=&#8221;default&#8221; global_colors_info=&#8221;{}&#8221;]<\/p>\n<p>Aquest tipus de <strong>p\u00e8rgoles senzilles o corredisses s\u00f3n ideals en llars i negocis<\/strong>, permetent aprofitar els espais exteriors en dies de sol, calor i pluja. A m\u00e9s, s\u00f3n una opci\u00f3 econ\u00f2mica i popular. La instal\u00b7laci\u00f3 es pot fer a la paret utilitzant una porteria d\u2019alumini per on es desplacen els perfils intermedis, tamb\u00e9 coneguts com a palillers.<\/p>\n<p>Es recomana una longitud m\u00e0xima de 4,5 m i una projecci\u00f3 m\u00e0xima de 7 m, tot i que es pot instal\u00b7lar un p\u00f2rtic o travesser addicional segons la mida per evitar la flexi\u00f3 i aconseguir una major estabilitat.<\/p>\n<p>\u00c9s possible motoritzar i automatitzar la p\u00e8rgola, i afegir cortines laterals per a una major privacitat i protecci\u00f3 contra el sol lateral.<\/p>\n<p>[\/et_pb_accordion_item][et_pb_accordion_item title=&#8221;P\u00e8rgola entre parets&#8221; _builder_version=&#8221;4.27.4&#8243; _module_preset=&#8221;default&#8221; global_colors_info=&#8221;{}&#8221; open=&#8221;off&#8221;]<\/p>\n<p>La <strong>p\u00e8rgola entre parets \u00e9s un model de f\u00e0cil instal\u00b7laci\u00f3 similar a altres models de p\u00e8rgoles<\/strong>, per\u00f2 sense necessitat de porteria. La lona de la p\u00e8rgola s\u2019insereix en els perfils d\u2019alumini o palillers, que es desplacen sota guies utilitzant politges o corredisses.<\/p>\n<p>La palilleria d\u2019aquest model \u00e9s resistent a les condicions meteorol\u00f2giques adverses. Per prevenir la flexi\u00f3 excessiva de les guies, es pot afegir una tercera guia a partir de 5 m de longitud.<\/p>\n<p>Es recomana una mida m\u00e0xima de 6 m de l\u00ednia i de 6 m de sortida. Generalment, aquest tipus de p\u00e8rgola no sol portar fald\u00f3 o penjall, ja que s\u2019instal\u00b7la entre dues parets. No obstant aix\u00f2, si la part davantera de la p\u00e8rgola est\u00e0 subjecta a una biga o estructura met\u00e0l\u00b7lica existent, es pot instal\u00b7lar el fald\u00f3 o penjall corresponent.<\/p>\n<p>[\/et_pb_accordion_item][et_pb_accordion_item title=&#8221;P\u00e8rgola de dues porteries&#8221; _builder_version=&#8221;4.27.4&#8243; _module_preset=&#8221;default&#8221; global_colors_info=&#8221;{}&#8221; open=&#8221;off&#8221;]<\/p>\n<p>La <strong>p\u00e8rgola menjador o p\u00e8rgola-corredissa<\/strong> amb dues porteries \u00e9s ideal per crear un espai de menjador en un jard\u00ed privat o una terrassa d\u2019estiu en restaurants i bars. En tenir quatre postes independents de la paret, aquesta p\u00e8rgola-corredissa combina funcionalitat i est\u00e8tica, permetent la independ\u00e8ncia de qualsevol paret.<\/p>\n<p>La instal\u00b7laci\u00f3 \u00e9s senzilla i r\u00e0pida. Es poden utilitzar diferents teixits, estampats i colors per a les lones. I els perfils i ferratges es poden lacar en colors RAL o imitar fustes.<\/p>\n<p>La p\u00e8rgola menjador s\u2019ha de fixar al terra, i les mides recomanades s\u00f3n una l\u00ednia d\u2019entre 1 i 6 m, i una longitud de desplegament d\u2019entre 1 i 6 m. A m\u00e9s, l\u2019al\u00e7ada m\u00ednima \u00e9s d\u20191 m i la m\u00e0xima de 4 m.<\/p>\n<p>La cargolada \u00e9s inoxidable i el sistema d\u2019accionament \u00e9s mitjan\u00e7ant plecs per cord\u00f3 de politja. Aquesta p\u00e8rgola-corredissa tamb\u00e9 ofereix la possibilitat d\u2019acoblar diferents elements, com tancaments perimetrals o cortines laterals, per a una major intimitat.<\/p>\n<p>[\/et_pb_accordion_item][et_pb_accordion_item title=&#8221;Teixits per a p\u00e8rgoles&#8221; _builder_version=&#8221;4.27.4&#8243; _module_preset=&#8221;default&#8221; global_colors_info=&#8221;{}&#8221; toggle_font=&#8221;|||on|||||&#8221; open=&#8221;off&#8221;]<\/p>\n<p>Les nostres <strong>lones s\u00f3n d\u2019alta qualitat i resist\u00e8ncia<\/strong>, dissenyades per evitar el pas dels raigs solars i per protegir de la pluja durant l\u2019hivern. Tamb\u00e9 fabriquem <strong>p\u00e8rgoles per a interior<\/strong> amb lones de teixit de poli\u00e8ster ign\u00edfug.<\/p>\n<p>En entorns on es busca una ombra agradable, la p\u00e8rgola amb lona microperforada \u00e9s l\u2019elecci\u00f3 ideal, ja que els porus permeten la circulaci\u00f3 de l\u2019aire i proporcionen una sensaci\u00f3 de frescor durant l\u2019estiu.<\/p>\n<p>A m\u00e9s, oferim la lona acr\u00edlica, est\u00e8tica, duradora i permeable, ideal per a p\u00e8rgoles que estaran exposades tant al sol com a la pluja en entorns marins. En cafeteries, bars i restaurants, recomanem la lona de poli\u00e8ster recoberta de PVC, ja que ofereix la protecci\u00f3 necess\u00e0ria als clients contra la pluja i el fred.<\/p>\n<p>Per als laterals de les p\u00e8rgoles, ja sigui en forma de tendals verticals o finestres, treballem amb lones transparents d\u2019alta qualitat i resist\u00e8ncia.<\/p>\n<p>[\/et_pb_accordion_item][\/et_pb_accordion][\/et_pb_column][\/et_pb_row][\/et_pb_section][et_pb_section fb_built=&#8221;1&#8243; admin_label=&#8221;section&#8221; _builder_version=&#8221;4.27.4&#8243; background_color=&#8221;RGBA(255,255,255,0)&#8221; custom_padding=&#8221;0px||0px||true|false&#8221; locked=&#8221;off&#8221; global_colors_info=&#8221;{}&#8221;][et_pb_row column_structure=&#8221;1_2,1_2&#8243; make_equal=&#8221;on&#8221; custom_padding_last_edited=&#8221;on|tablet&#8221; admin_label=&#8221;row&#8221; _builder_version=&#8221;4.27.4&#8243; background_size=&#8221;initial&#8221; background_position=&#8221;top_left&#8221; background_repeat=&#8221;repeat&#8221; width=&#8221;90%&#8221; custom_padding=&#8221;0em||3em||false|false&#8221; custom_padding_tablet=&#8221;0em||3em||false|false&#8221; custom_padding_phone=&#8221;0em||3em||false|false&#8221; locked=&#8221;off&#8221; global_colors_info=&#8221;{}&#8221; custom_css_main_element_last_edited=&#8221;on|tablet&#8221; custom_css_main_element_tablet=&#8221;display:flex;||flex-flow:column;||flex-direction:column-reverse;&#8221; custom_css_main_element_phone=&#8221;display:flex;||flex-flow:column;||flex-direction:column-reverse;&#8221;][et_pb_column type=&#8221;1_2&#8243; _builder_version=&#8221;4.27.4&#8243; background_image=&#8221;https:\/\/aluminiosalutech.com\/wp-content\/uploads\/alutech-toldos-1.webp&#8221; background_size=&#8221;initial&#8221; custom_padding=&#8221;15em||15em||true|false&#8221; custom_padding_tablet=&#8221;18em||18em||true|false&#8221; custom_padding_phone=&#8221;10em||10em||true|false&#8221; custom_padding_last_edited=&#8221;on|phone&#8221; custom_css_main_element=&#8221;display:flex;||flex-flow:wrap;&#8221; global_colors_info=&#8221;{}&#8221; custom_padding__hover=&#8221;|||&#8221; custom_css_main_element_last_edited=&#8221;on|phone&#8221; custom_css_main_element_tablet=&#8221;display:flex !important;&#8221; custom_css_main_element_phone=&#8221;display:flex !important;&#8221;][\/et_pb_column][et_pb_column type=&#8221;1_2&#8243; _builder_version=&#8221;4.27.4&#8243; custom_padding=&#8221;3em||3em||true|false&#8221; custom_padding_tablet=&#8221;||3em||false|false&#8221; custom_padding_phone=&#8221;||3em||false|false&#8221; custom_padding_last_edited=&#8221;on|tablet&#8221; global_colors_info=&#8221;{}&#8221; custom_padding__hover=&#8221;|||&#8221;][et_pb_text _builder_version=&#8221;4.27.4&#8243; _module_preset=&#8221;default&#8221; text_font=&#8221;|||on|||||&#8221; header_2_text_align=&#8221;left&#8221; header_2_font_size=&#8221;30px&#8221; header_2_line_height=&#8221;1.2em&#8221; custom_margin=&#8221;||1em||false|false&#8221; header_2_font_size_tablet=&#8221;30px&#8221; header_2_font_size_phone=&#8221;25px&#8221; header_2_font_size_last_edited=&#8221;on|phone&#8221; custom_css_free_form=&#8221;selector em{||  color:#198385;||  font-weight:bold;||  font-style:normal;||}||selector h2{||  padding-bottom:0px;||}&#8221; global_colors_info=&#8221;{}&#8221;]<\/p>\n<h2><em>Tendals a mida per a <\/em>finestres, terrasses i balcons<\/h2>\n<p>[\/et_pb_text][et_pb_text ul_type=&#8221;square&#8221; ul_position=&#8221;inside&#8221; ul_item_indent=&#8221;1em&#8221; _builder_version=&#8221;4.27.4&#8243; _module_preset=&#8221;default&#8221; text_font=&#8221;|300|||||||&#8221; custom_margin=&#8221;||1em||false|false&#8221; custom_css_free_form=&#8221;selector ul {||  list-style-type: square; \/* marcador cuadrado nativo *\/||  padding-left: 1.5em;     \/* espacio para que no se monte *\/||  padding-top:1em;||  margin: 0;||}||||selector ul li {||  line-height: 1.5em;      \/* altura de l\u00ednea consistente *\/||  padding-left: 0em;     \/* separa texto del marcador *\/||  margin-bottom:0.5em;||}||||selector ul li::marker {||  font-size: 1.2em;        \/* ajusta tama\u00f1o del cuadrado *\/||  color: #2fbdca;          \/* color personalizado *\/||}&#8221; locked=&#8221;off&#8221; global_colors_info=&#8221;{}&#8221;]<\/p>\n<p>Els <strong>tendals a mida<\/strong> s\u00f3n la soluci\u00f3 m\u00e9s efica\u00e7 per controlar la <strong>radiaci\u00f3 solar i la calor en vivendes i negocis<\/strong>. Redueixen l\u2019enlluernament i la guany t\u00e8rmica a trav\u00e9s de portes i finestres, protegeixen mobles, s\u00f2ls i t\u00e8xtils dels raigs UV i milloren el confort interior sense renunciar a la ventilaci\u00f3 natural, ajudant a m\u00e9s a l\u2019estalvi energ\u00e8tic.<\/p>\n<p>A l\u2019exterior, un tendal ben dimensionat crea ombra \u00fatil i amplia l\u2019\u00fas de <strong>terrasses i balcons<\/strong> durant l\u2019estiu i l\u2019entretemps. Treballem amb lona t\u00e8cnica segons cada necessitat: acr\u00edlica per \u00fas intensiu, microperforada per afavorir el pas de l\u2019aire i poli\u00e8ster recobert de PVC quan es prioritza l\u2019estanquitat. Opcions d\u2019<strong>accionament manual o motoritzat<\/strong>, amb cofres de protecci\u00f3 i automatismes de vent\/sol per allargar la vida \u00fatil.<\/p>\n<p>Si necessites cobertura davant la pluja, disposem de tendals impermeables per a exterior. Combinant la lona adequada, la pendent correcta i un sistema de recollida d\u2019aigua, podr\u00e0s entrar i sortir sense mullar-te i gaudir del teu espai exterior en m\u00e9s moments de l\u2019any.<\/p>\n<p>[\/et_pb_text][\/et_pb_column][\/et_pb_row][\/et_pb_section][et_pb_section fb_built=&#8221;1&#8243; admin_label=&#8221;section&#8221; _builder_version=&#8221;4.27.4&#8243; background_color=&#8221;#eff0ef&#8221; custom_padding=&#8221;0px||3em||false|false&#8221; locked=&#8221;off&#8221; global_colors_info=&#8221;{}&#8221;][et_pb_row admin_label=&#8221;row&#8221; _builder_version=&#8221;4.27.4&#8243; background_size=&#8221;initial&#8221; background_position=&#8221;top_left&#8221; background_repeat=&#8221;repeat&#8221; width=&#8221;90%&#8221; global_colors_info=&#8221;{}&#8221;][et_pb_column type=&#8221;4_4&#8243; _builder_version=&#8221;4.16&#8243; custom_padding=&#8221;|||&#8221; global_colors_info=&#8221;{}&#8221; custom_padding__hover=&#8221;|||&#8221;][et_pb_text _builder_version=&#8221;4.27.4&#8243; _module_preset=&#8221;default&#8221; text_font=&#8221;|||on|||||&#8221; header_2_font_size=&#8221;30px&#8221; header_2_line_height=&#8221;1.2em&#8221; custom_margin=&#8221;||0em||false|false&#8221; header_2_font_size_tablet=&#8221;30px&#8221; header_2_font_size_phone=&#8221;25px&#8221; header_2_font_size_last_edited=&#8221;on|phone&#8221; custom_css_free_form=&#8221;selector em{||  color:#198385;||  font-weight:bold;||  font-style:normal;||}||selector h2{||  padding-bottom:0px;||}&#8221; global_colors_info=&#8221;{}&#8221;]<\/p>\n<h2 style=\"text-align: center;\"><em>Caracter\u00edstiques de <\/em>tendals i p\u00e8rgoles<\/h2>\n<p>[\/et_pb_text][\/et_pb_column][\/et_pb_row][et_pb_row column_structure=&#8221;1_3,1_3,1_3&#8243; admin_label=&#8221;row&#8221; _builder_version=&#8221;4.27.4&#8243; background_color=&#8221;#FFFFFF&#8221; background_size=&#8221;initial&#8221; background_position=&#8221;top_left&#8221; background_repeat=&#8221;repeat&#8221; width=&#8221;90%&#8221; custom_margin=&#8221;||||false|false&#8221; hover_enabled=&#8221;0&#8243; global_colors_info=&#8221;{}&#8221; custom_padding=&#8221;|2em||2em|false|true&#8221; sticky_enabled=&#8221;0&#8243;][et_pb_column type=&#8221;1_3&#8243; _builder_version=&#8221;4.27.4&#8243; custom_padding=&#8221;||||true|false&#8221; global_colors_info=&#8221;{}&#8221; custom_padding__hover=&#8221;|||&#8221;][et_pb_blurb title=&#8221;ORCHESTRA&#8221; alt=&#8221;Finestres Oscil\u00b7lobatents 67RT&#8221; image_icon_width=&#8221;150px&#8221; _builder_version=&#8221;4.27.4&#8243; _module_preset=&#8221;default&#8221; header_level=&#8221;h3&#8243; header_font=&#8221;|800|||||||&#8221; header_text_align=&#8221;center&#8221; header_text_color=&#8221;#198385&#8243; header_font_size=&#8221;14px&#8221; header_line_height=&#8221;1.5em&#8221; body_text_align=&#8221;center&#8221; custom_margin=&#8221;||1em||false|false&#8221; custom_padding=&#8221;||||false|true&#8221; custom_css_blurb_title=&#8221;margin-bottom:0.5em;&#8221; global_colors_info=&#8221;{}&#8221; custom_css_main_element_last_edited=&#8221;on|phone&#8221; custom_css_main_element_phone=&#8221;max-width:100%;||min-width:100%;&#8221;]<\/p>\n<p><strong>COMPOSICI\u00d3: <\/strong>100% acr\u00edlic tenyit en massa Sunacryl<strong><br \/>ACABAT: <\/strong>Tractament Cleangard especial tendal, antimanchas i impermeabilitzant<strong><br \/>PES: <\/strong>290g\/m\u00b2<strong><br \/>GARANTIA: <\/strong>10 anys<\/p>\n<p>[\/et_pb_blurb][\/et_pb_column][et_pb_column type=&#8221;1_3&#8243; _builder_version=&#8221;4.27.4&#8243; custom_padding=&#8221;|||&#8221; global_colors_info=&#8221;{}&#8221; custom_padding__hover=&#8221;|||&#8221;][et_pb_blurb title=&#8221;SYMPHONY&#8221; alt=&#8221;Finestres Oscil\u00b7lobatents 67RT&#8221; image_icon_width=&#8221;150px&#8221; _builder_version=&#8221;4.27.4&#8243; _module_preset=&#8221;default&#8221; header_level=&#8221;h3&#8243; header_font=&#8221;|800|||||||&#8221; header_text_align=&#8221;center&#8221; header_text_color=&#8221;#198385&#8243; header_font_size=&#8221;14px&#8221; header_line_height=&#8221;1.5em&#8221; body_text_align=&#8221;center&#8221; custom_margin=&#8221;||1em||false|false&#8221; custom_padding=&#8221;||||false|true&#8221; custom_css_blurb_title=&#8221;margin-bottom:0.5em;&#8221; global_colors_info=&#8221;{}&#8221; custom_css_main_element_last_edited=&#8221;on|phone&#8221; custom_css_main_element_phone=&#8221;max-width:100%;||min-width:100%;&#8221;]<\/p>\n<p><strong>COMPOSICI\u00d3: <\/strong>100% acr\u00edlic tenyit en massa Sunacryl<strong><br \/>ACABAT: <\/strong>Tractament Cleangard especial tendal, antimanchas i impermeabilitzant<strong><br \/>PES: <\/strong>360g\/m\u00b2<strong><br \/>GARANTIA: <\/strong>10 anys<\/p>\n<p>[\/et_pb_blurb][\/et_pb_column][et_pb_column type=&#8221;1_3&#8243; _builder_version=&#8221;4.27.4&#8243; custom_padding=&#8221;|||&#8221; global_colors_info=&#8221;{}&#8221; custom_padding__hover=&#8221;|||&#8221;][et_pb_blurb title=&#8221;OPERA&#8221; alt=&#8221;Finestres Oscil\u00b7lobatents 67RT&#8221; image_icon_width=&#8221;150px&#8221; _builder_version=&#8221;4.27.4&#8243; _module_preset=&#8221;default&#8221; header_level=&#8221;h3&#8243; header_font=&#8221;|800|||||||&#8221; header_text_align=&#8221;center&#8221; header_text_color=&#8221;#198385&#8243; header_font_size=&#8221;14px&#8221; header_line_height=&#8221;1.5em&#8221; body_text_align=&#8221;center&#8221; custom_margin=&#8221;||1em||false|false&#8221; custom_padding=&#8221;||||false|true&#8221; custom_css_blurb_title=&#8221;margin-bottom:0.5em;&#8221; global_colors_info=&#8221;{}&#8221; custom_css_main_element_last_edited=&#8221;on|phone&#8221; custom_css_main_element_phone=&#8221;max-width:100%;||min-width:100%;&#8221;]<\/p>\n<p><strong>COMPOSICI\u00d3: <\/strong>100% acr\u00edlic tenyit en massa Sunacryl<strong><br \/>ACABAT: <\/strong>Tractament Cleangard especial tendal, antimanchas i impermeabilitzant<strong><br \/>PES: <\/strong>330g\/m\u00b2<strong><br \/>GARANTIA: <\/strong>10 anys<\/p>\n<p>[\/et_pb_blurb][\/et_pb_column][\/et_pb_row][et_pb_row admin_label=&#8221;row&#8221; _builder_version=&#8221;4.27.4&#8243; background_color=&#8221;#FFFFFF&#8221; background_size=&#8221;initial&#8221; background_position=&#8221;top_left&#8221; background_repeat=&#8221;repeat&#8221; width=&#8221;90%&#8221; custom_margin=&#8221;||||false|false&#8221; global_colors_info=&#8221;{}&#8221;][et_pb_column type=&#8221;4_4&#8243; _builder_version=&#8221;4.27.4&#8243; custom_padding=&#8221;||||true|false&#8221; global_colors_info=&#8221;{}&#8221; custom_padding__hover=&#8221;|||&#8221;][et_pb_blurb alt=&#8221;Finestres Oscil\u00b7lobatents 67RT&#8221; image_icon_width=&#8221;150px&#8221; _builder_version=&#8221;4.27.4&#8243; _module_preset=&#8221;default&#8221; header_level=&#8221;h3&#8243; header_font=&#8221;|800|||||||&#8221; header_text_align=&#8221;center&#8221; header_text_color=&#8221;#198385&#8243; header_font_size=&#8221;14px&#8221; header_line_height=&#8221;1.5em&#8221; body_text_align=&#8221;center&#8221; custom_margin=&#8221;||1em||false|false&#8221; custom_padding=&#8221;||||false|true&#8221; custom_css_blurb_title=&#8221;margin-bottom:0.5em;&#8221; global_colors_info=&#8221;{}&#8221; custom_css_main_element_last_edited=&#8221;on|phone&#8221; custom_css_main_element_phone=&#8221;max-width:100%;||min-width:100%;&#8221;]<\/p>\n<p><em>*Orchestra MAX, la lona autonetejable i impermeable <\/em><br \/><em>ALTO FR, la lona amb una alta exig\u00e8ncia ign\u00edfuga<\/em><\/p>\n<p>[\/et_pb_blurb][\/et_pb_column][\/et_pb_row][\/et_pb_section][et_pb_section fb_built=&#8221;1&#8243; admin_label=&#8221;section&#8221; _builder_version=&#8221;4.27.4&#8243; custom_padding=&#8221;0px||0px||true|false&#8221; global_module=&#8221;424&#8243; saved_tabs=&#8221;all&#8221; global_colors_info=&#8221;{}&#8221;][et_pb_row column_structure=&#8221;1_2,1_2&#8243; make_equal=&#8221;on&#8221; admin_label=&#8221;row&#8221; _builder_version=&#8221;4.27.4&#8243; background_size=&#8221;initial&#8221; background_position=&#8221;top_left&#8221; background_repeat=&#8221;repeat&#8221; width=&#8221;90%&#8221; global_colors_info=&#8221;{}&#8221;][et_pb_column type=&#8221;1_2&#8243; _builder_version=&#8221;4.27.4&#8243; background_color=&#8221;#198385&#8243; custom_padding=&#8221;2em|2em|2em|2em|true|true&#8221; custom_css_main_element=&#8221;display:flex;||flex-flow:wrap;&#8221; global_colors_info=&#8221;{}&#8221; custom_padding__hover=&#8221;|||&#8221;][et_pb_text _builder_version=&#8221;4.27.4&#8243; _module_preset=&#8221;default&#8221; text_font=&#8221;|||on|||||&#8221; header_2_text_align=&#8221;left&#8221; header_2_text_color=&#8221;#FFFFFF&#8221; header_2_font_size=&#8221;30px&#8221; header_2_line_height=&#8221;1.2em&#8221; max_width=&#8221;370px&#8221; custom_margin=&#8221;||1em||false|false&#8221; header_2_font_size_tablet=&#8221;30px&#8221; header_2_font_size_phone=&#8221;25px&#8221; header_2_font_size_last_edited=&#8221;on|phone&#8221; custom_css_free_form=&#8221;selector em{||  color:#2FBDCA;||  font-weight:bold;||  font-style:normal;||}||selector h2{||  padding-bottom:0px;||}&#8221; global_colors_info=&#8221;{}&#8221;]<\/p>\n<h2><strong>DEMANA\u2019NS INFORMACI\u00d3<\/strong> SENSE COMPROM\u00cdS<\/h2>\n<p>[\/et_pb_text][et_pb_text _builder_version=&#8221;4.27.4&#8243; _module_preset=&#8221;default&#8221; text_font=&#8221;||||||||&#8221; text_text_color=&#8221;#FFFFFF&#8221; global_colors_info=&#8221;{}&#8221;]<\/p>\n<p>Tens dubtes o necessites un pressupost? <strong>Truca\u2019ns, escriu-nos o omple el formulari<\/strong>. Et respondrem al m\u00e9s aviat possible. Consulta el nostre <strong>horari<\/strong> i si vols con\u00e8ixer-nos millor, <strong>troba\u2019ns a les xarxes socials!<\/strong><\/p>\n<p>[\/et_pb_text][et_pb_text _builder_version=&#8221;4.27.4&#8243; _module_preset=&#8221;default&#8221; text_text_color=&#8221;#FFFFFF&#8221; width=&#8221;50%&#8221; width_tablet=&#8221;50%&#8221; width_phone=&#8221;100%&#8221; width_last_edited=&#8221;on|phone&#8221; max_width=&#8221;50%&#8221; max_width_tablet=&#8221;50%&#8221; max_width_phone=&#8221;100%&#8221; max_width_last_edited=&#8221;on|phone&#8221; custom_padding=&#8221;|1em|||false|false&#8221; custom_css_free_form=&#8221;selector p,||selector a,||selector b,||selector strong{||  color:white !important;||  font-weight:500 !important;||  font-size:14px !important;||  display:inline;||}||selector b,||selector strong{||  font-weight:bold !important;||}||selector i{||  color:white;||  margin-right:0.5em;||}&#8221; global_colors_info=&#8221;{}&#8221;]<\/p>\n<p><i class=\"fa-solid fa-location-dot\"><\/i><b>UBICACI\u00d3<br \/><\/b><\/p>\n<div style=\"margin-bottom: 1em;\"><a href=\"https:\/\/maps.app.goo.gl\/sVzavm9wSdxutR619\" target=\"_blank\" rel=\"noopener\">C\/ Sardenya, 354 (Barcelona)<\/a><\/div>\n<div><i class=\"fa-solid fa-clock\"><\/i><b>CONTACTE<\/b><\/div>\n<div><a href=\"mailto:info@aluminiosalutech.com\" target=\"_blank\" rel=\"noopener\">info@aluminiosalutech.com<\/a><br \/><a href=\"tel:+34934580468\" target=\"_blank\" rel=\"noopener\">93 458 04 68<\/a><br \/><a href=\"tel:+34616564393\" target=\"_blank\" rel=\"noopener\">616 564 393<\/a><\/div>\n<p>[\/et_pb_text][et_pb_text _builder_version=&#8221;4.27.4&#8243; _module_preset=&#8221;default&#8221; text_text_color=&#8221;#FFFFFF&#8221; width=&#8221;50%&#8221; width_tablet=&#8221;50%&#8221; width_phone=&#8221;100%&#8221; width_last_edited=&#8221;on|phone&#8221; max_width=&#8221;50%&#8221; max_width_tablet=&#8221;50%&#8221; max_width_phone=&#8221;100%&#8221; max_width_last_edited=&#8221;on|phone&#8221; custom_css_free_form=&#8221;selector p,||selector a,||selector b,||selector strong{||  color:white !important;||  font-weight:500 !important;||  font-size:14px !important;||  display:inline;||}||selector b,||selector strong{||  font-weight:bold !important;||}||selector i{||  color:white;||  margin-right:0.5em;||}||selector .redes-sociales i{||  font-size:20px;||}||@media(max-width:980px){||selector .redes-sociales i{||  font-size:25px;||  margin-right:0.8em;||  margin-top:0.2em;||}||}||&#8221; global_colors_info=&#8221;{}&#8221;]<span><i class=\"fa-solid fa-clock\"><\/i><strong>HORARI<br \/> <\/strong><\/span><\/p>\n<div><strong>Dilluns a Divendres<\/strong><br \/>\nDe 9:00h a 14:00h i de 15:00h a 19:00h<\/div>\n<div style=\"margin-bottom: 1em;\"><strong>Dissabte<\/strong><br \/>\n9:00h a 13:30h<\/div>\n<div><b>XARXES SOCIALS<\/b><\/div>\n<div style=\"display: flex;\" class=\"redes-sociales\"><a href=\"https:\/\/www.facebook.com\/p\/Carpinteria-de-Aluminio-Alutech-100068906844045\/\" target=\"_blank\" rel=\"noopener\"><i class=\"fa-brands fa-square-facebook\"><\/i><\/a><br \/>\n<a href=\"https:\/\/www.instagram.com\/alutech_aluminio\/\" target=\"_blank\" rel=\"noopener\"><i class=\"fa-brands fa-square-instagram\"><\/i><\/a><\/div>\n<p>[\/et_pb_text][\/et_pb_column][et_pb_column type=&#8221;1_2&#8243; _builder_version=&#8221;4.27.4&#8243; custom_padding=&#8221;2em||2em||true|false&#8221; custom_css_free_form=&#8221;selector{||  justify-content: center !important;||\talign-items: center !important;||\tdisplay: flex !important;||\tflex-flow: column !important;||}&#8221; global_colors_info=&#8221;{}&#8221; custom_padding__hover=&#8221;|||&#8221;][et_pb_text _builder_version=&#8221;4.27.4&#8243; _module_preset=&#8221;default&#8221; text_font=&#8221;|||on|||||&#8221; header_2_text_align=&#8221;center&#8221; header_2_font_size=&#8221;30px&#8221; header_2_line_height=&#8221;1.2em&#8221; custom_margin=&#8221;||1em||false|false&#8221; custom_margin_tablet=&#8221;||2em||false|false&#8221; custom_margin_phone=&#8221;||1em||false|false&#8221; custom_margin_last_edited=&#8221;on|phone&#8221; header_2_font_size_tablet=&#8221;30px&#8221; header_2_font_size_phone=&#8221;25px&#8221; header_2_font_size_last_edited=&#8221;on|phone&#8221; custom_css_free_form=&#8221;selector em{||  color:#198385;||  font-weight:bold;||  font-style:normal;||}||selector h2{||  padding-bottom:0px;||}&#8221; global_colors_info=&#8221;{}&#8221;]<\/p>\n<h2>Necessites un <em>pressupost<\/em>?<\/h2>\n<p>[\/et_pb_text][et_pb_code _builder_version=&#8221;4.27.4&#8243; _module_preset=&#8221;default&#8221; global_colors_info=&#8221;{}&#8221;]\n<div class=\"wpcf7 no-js\" id=\"wpcf7-f2534-o1\" lang=\"es-ES\" dir=\"ltr\" data-wpcf7-id=\"2534\">\n<div class=\"screen-reader-response\"><p role=\"status\" aria-live=\"polite\" aria-atomic=\"true\"><\/p> <ul><\/ul><\/div>\n<form action=\"\/ca\/wp-json\/wp\/v2\/pages\/2551#wpcf7-f2534-o1\" method=\"post\" class=\"wpcf7-form init\" aria-label=\"Formulario de contacto\" novalidate=\"novalidate\" data-status=\"init\">\n<fieldset class=\"hidden-fields-container\"><input type=\"hidden\" name=\"_wpcf7\" value=\"2534\" \/><input type=\"hidden\" name=\"_wpcf7_version\" value=\"6.1.2\" \/><input type=\"hidden\" name=\"_wpcf7_locale\" value=\"es_ES\" \/><input type=\"hidden\" name=\"_wpcf7_unit_tag\" value=\"wpcf7-f2534-o1\" \/><input type=\"hidden\" name=\"_wpcf7_container_post\" value=\"0\" \/><input type=\"hidden\" name=\"_wpcf7_posted_data_hash\" value=\"\" \/>\n<\/fieldset>\n<div class=\"form-izq\">\n\t<p><span class=\"wpcf7-form-control-wrap\" data-name=\"nombre\"><input size=\"40\" maxlength=\"400\" class=\"wpcf7-form-control wpcf7-text wpcf7-validates-as-required\" autocomplete=\"name\" aria-required=\"true\" aria-invalid=\"false\" placeholder=\"Nom *\" value=\"\" type=\"text\" name=\"nombre\" \/><\/span><br \/>\n<span class=\"wpcf7-form-control-wrap\" data-name=\"your-email\"><input size=\"40\" maxlength=\"400\" class=\"wpcf7-form-control wpcf7-email wpcf7-validates-as-required wpcf7-text wpcf7-validates-as-email\" autocomplete=\"email\" aria-required=\"true\" aria-invalid=\"false\" placeholder=\"Correu electr\u00f2nic *\" value=\"\" type=\"email\" name=\"your-email\" \/><\/span>\n\t<\/p>\n<\/div>\n<div class=\"form-dch\">\n\t<p><span class=\"wpcf7-form-control-wrap\" data-name=\"telefono\"><input size=\"40\" maxlength=\"400\" class=\"wpcf7-form-control wpcf7-tel wpcf7-validates-as-required wpcf7-text wpcf7-validates-as-tel\" autocomplete=\"tel\" aria-required=\"true\" aria-invalid=\"false\" placeholder=\"Tel\u00e8fon *\" value=\"\" type=\"tel\" name=\"telefono\" \/><\/span><br \/>\n<span class=\"wpcf7-form-control-wrap\" data-name=\"poblacion\"><input size=\"40\" maxlength=\"400\" class=\"wpcf7-form-control wpcf7-text\" autocomplete=\"name\" aria-invalid=\"false\" placeholder=\"Poblaci\u00f3 *\" value=\"\" type=\"text\" name=\"poblacion\" \/><\/span>\n\t<\/p>\n<\/div>\n<div class=\"form-full\">\n\t<p><span class=\"wpcf7-form-control-wrap\" data-name=\"mensaje\"><textarea cols=\"40\" rows=\"10\" maxlength=\"2000\" class=\"wpcf7-form-control wpcf7-textarea\" aria-invalid=\"false\" placeholder=\"Explica breument el teu projecte...\" name=\"mensaje\"><\/textarea><\/span>\n\t<\/p>\n<\/div>\n<div class=\"form-full\">\n\t<p>*Els camps marcats amb asterisc s\u00f3n obligatoris\n\t<\/p>\n\t<p><span id=\"wpcf7-69f5292619a1e-wrapper\" class=\"wpcf7-form-control-wrap email-wrap\" style=\"display:none !important; visibility:hidden !important;\"><label for=\"wpcf7-69f5292619a1e-field\" class=\"hp-message\">Por favor, deja este campo vac\u00edo.<\/label><input id=\"wpcf7-69f5292619a1e-field\"  class=\"wpcf7-form-control wpcf7-text\" type=\"text\" name=\"email\" value=\"\" size=\"40\" tabindex=\"-1\" autocomplete=\"new-password\" \/><\/span><br \/>\n<label class=\"privacidad\"><span class=\"wpcf7-form-control-wrap\" data-name=\"privacidad\"><span class=\"wpcf7-form-control wpcf7-acceptance\"><span class=\"wpcf7-list-item\"><input type=\"checkbox\" name=\"privacidad\" value=\"1\" aria-invalid=\"false\" \/><\/span><\/span><\/span> He llegit i accepto la <a href='\/politica-de-privacitat\/' target='_blank'>Pol\u00edtica de privacitat<\/a><\/label><br \/>\n<input class=\"wpcf7-form-control wpcf7-submit has-spinner\" type=\"submit\" value=\"Enviar\" \/>\n\t<\/p>\n<\/div><div class=\"wpcf7-response-output\" aria-hidden=\"true\"><\/div>\n<\/form>\n<\/div>\n[\/et_pb_code][\/et_pb_column][\/et_pb_row][\/et_pb_section][et_pb_section fb_built=&#8221;1&#8243; admin_label=&#8221;section&#8221; _builder_version=&#8221;4.27.4&#8243; background_color=&#8221;#eff0ef&#8221; custom_padding=&#8221;0px||3em||false|false&#8221; locked=&#8221;off&#8221; global_colors_info=&#8221;{}&#8221;][et_pb_row admin_label=&#8221;row&#8221; _builder_version=&#8221;4.27.4&#8243; background_size=&#8221;initial&#8221; background_position=&#8221;top_left&#8221; background_repeat=&#8221;repeat&#8221; width=&#8221;90%&#8221; global_colors_info=&#8221;{}&#8221;][et_pb_column type=&#8221;4_4&#8243; _builder_version=&#8221;4.16&#8243; custom_padding=&#8221;|||&#8221; global_colors_info=&#8221;{}&#8221; custom_padding__hover=&#8221;|||&#8221;][et_pb_text _builder_version=&#8221;4.27.4&#8243; _module_preset=&#8221;default&#8221; text_font=&#8221;|||on|||||&#8221; header_2_font_size=&#8221;30px&#8221; header_2_line_height=&#8221;1.2em&#8221; custom_margin=&#8221;||1em||false|false&#8221; header_2_font_size_tablet=&#8221;30px&#8221; header_2_font_size_phone=&#8221;25px&#8221; header_2_font_size_last_edited=&#8221;on|phone&#8221; custom_css_free_form=&#8221;selector em{||  color:#198385;||  font-weight:bold;||  font-style:normal;||}||selector h2{||  padding-bottom:0px;||}&#8221; global_colors_info=&#8221;{}&#8221;]<\/p>\n<h2 style=\"text-align: center;\">Troba <em>accessoris per a finestres<\/em><\/h2>\n<p>[\/et_pb_text][\/et_pb_column][\/et_pb_row][et_pb_row admin_label=&#8221;row&#8221; _builder_version=&#8221;4.27.4&#8243; background_color=&#8221;#FFFFFF&#8221; background_size=&#8221;initial&#8221; background_position=&#8221;top_left&#8221; background_repeat=&#8221;repeat&#8221; width=&#8221;90%&#8221; custom_margin=&#8221;||0px||false|false&#8221; custom_padding=&#8221;||0px||false|false&#8221; locked=&#8221;off&#8221; global_colors_info=&#8221;{}&#8221;][et_pb_column type=&#8221;4_4&#8243; _builder_version=&#8221;4.27.4&#8243; custom_padding=&#8221;|||&#8221; custom_css_main_element=&#8221;display:flex;||justify-content:space-around;||flex-flow:wrap;&#8221; global_colors_info=&#8221;{}&#8221; custom_padding__hover=&#8221;|||&#8221;][et_pb_blurb url=&#8221;@ET-DC@eyJkeW5hbWljIjp0cnVlLCJjb250ZW50IjoicG9zdF9saW5rX3VybF9wYWdlIiwic2V0dGluZ3MiOnsicG9zdF9pZCI6IjY3OCJ9fQ==@&#8221; image=&#8221;https:\/\/aluminiosalutech.com\/wp-content\/uploads\/alutech-icono-persianas-aluminio-pvc-1.webp&#8221; alt=&#8221;Persianes d\u2019alumini PVC&#8221; image_icon_width=&#8221;70px&#8221; _builder_version=&#8221;4.27.4&#8243; _dynamic_attributes=&#8221;url,link_option_url&#8221; _module_preset=&#8221;default&#8221; header_level=&#8221;h3&#8243; header_font=&#8221;|300|||||||&#8221; header_text_align=&#8221;center&#8221; header_font_size=&#8221;14px&#8221; header_line_height=&#8221;1.5em&#8221; body_text_align=&#8221;center&#8221; custom_padding=&#8221;1em|1em|1em|1em|true|true&#8221; link_option_url=&#8221;@ET-DC@eyJkeW5hbWljIjp0cnVlLCJjb250ZW50IjoicG9zdF9saW5rX3VybF9wYWdlIiwic2V0dGluZ3MiOnsicG9zdF9pZCI6IjY3OCJ9fQ==@&#8221; custom_css_main_element=&#8221;max-width:25%;||min-width:25%;&#8221; custom_css_free_form=&#8221;selector .et_pb_blurb_description{||  background-color:#757575;||  color:white;||  font-weight:bold;||  width:fit-content;||  margin:auto;||  padding:0.2em 1em;||}||selector .et_pb_blurb_description:hover{||  background-color:#198385;||  cursor:pointer;||}&#8221; custom_css_blurb_title=&#8221;margin-bottom:0.5em;&#8221; global_colors_info=&#8221;{}&#8221; custom_css_main_element_last_edited=&#8221;on|phone&#8221; custom_css_main_element_tablet=&#8221;max-width:50%;||min-width:50%;&#8221; custom_css_main_element_phone=&#8221;max-width:100%;||min-width:100%;&#8221;]<\/p>\n<p>Compactes i persianes<\/p>\n<p>[\/et_pb_blurb][et_pb_blurb url=&#8221;@ET-DC@eyJkeW5hbWljIjp0cnVlLCJjb250ZW50IjoicG9zdF9saW5rX3VybF9wYWdlIiwic2V0dGluZ3MiOnsicG9zdF9pZCI6IjU2NSJ9fQ==@&#8221; image=&#8221;https:\/\/aluminiosalutech.com\/wp-content\/uploads\/alutech-icono-persianes-orientables-2.webp&#8221; alt=&#8221;Persianes orientables&#8221; image_icon_width=&#8221;75px&#8221; _builder_version=&#8221;4.27.4&#8243; _dynamic_attributes=&#8221;url,link_option_url&#8221; _module_preset=&#8221;default&#8221; header_level=&#8221;h3&#8243; header_font=&#8221;|300|||||||&#8221; header_text_align=&#8221;center&#8221; header_font_size=&#8221;14px&#8221; header_line_height=&#8221;1.5em&#8221; body_text_align=&#8221;center&#8221; width=&#8221;100%&#8221; custom_padding=&#8221;1em|1em|1em|1em|true|true&#8221; link_option_url=&#8221;@ET-DC@eyJkeW5hbWljIjp0cnVlLCJjb250ZW50IjoicG9zdF9saW5rX3VybF9wYWdlIiwic2V0dGluZ3MiOnsicG9zdF9pZCI6IjU2NSJ9fQ==@&#8221; custom_css_main_element=&#8221;max-width:25%;||min-width:25%;&#8221; custom_css_free_form=&#8221;selector .et_pb_blurb_description{||  background-color:#757575;||  color:white;||  font-weight:bold;||  width:fit-content;||  margin:auto;||  padding:0.2em 1em;||}||selector .et_pb_blurb_description:hover{||  background-color:#198385;||  cursor:pointer;||}&#8221; custom_css_blurb_title=&#8221;margin-bottom:0.5em;&#8221; global_colors_info=&#8221;{}&#8221; custom_css_main_element_last_edited=&#8221;on|phone&#8221; custom_css_main_element_tablet=&#8221;max-width:50%;||min-width:50%;&#8221; custom_css_main_element_phone=&#8221;max-width:100%;||min-width:100%;&#8221;]<\/p>\n<p>Persianes orientables<\/p>\n<p>[\/et_pb_blurb][et_pb_blurb url=&#8221;@ET-DC@eyJkeW5hbWljIjp0cnVlLCJjb250ZW50IjoicG9zdF9saW5rX3VybF9wYWdlIiwic2V0dGluZ3MiOnsicG9zdF9pZCI6IjU2NiJ9fQ==@&#8221; image=&#8221;https:\/\/aluminiosalutech.com\/wp-content\/uploads\/alutech-icono-mosquiteras-1.webp&#8221; alt=&#8221;Mosquiteres&#8221; image_icon_width=&#8221;73px&#8221; _builder_version=&#8221;4.27.4&#8243; _dynamic_attributes=&#8221;url,link_option_url&#8221; _module_preset=&#8221;default&#8221; header_level=&#8221;h3&#8243; header_font=&#8221;|300|||||||&#8221; header_text_align=&#8221;center&#8221; header_font_size=&#8221;14px&#8221; header_line_height=&#8221;1.5em&#8221; body_text_align=&#8221;center&#8221; custom_padding=&#8221;1em|1em|1em|1em|true|true&#8221; link_option_url=&#8221;@ET-DC@eyJkeW5hbWljIjp0cnVlLCJjb250ZW50IjoicG9zdF9saW5rX3VybF9wYWdlIiwic2V0dGluZ3MiOnsicG9zdF9pZCI6IjU2NiJ9fQ==@&#8221; custom_css_main_element=&#8221;max-width:25%;||min-width:25%;&#8221; custom_css_free_form=&#8221;selector .et_pb_blurb_description{||  background-color:#757575;||  color:white;||  font-weight:bold;||  width:fit-content;||  margin:auto;||  padding:0.2em 1em;||}||selector .et_pb_blurb_description:hover{||  background-color:#198385;||  cursor:pointer;||}&#8221; custom_css_blurb_title=&#8221;margin-bottom:0.5em;&#8221; global_colors_info=&#8221;{}&#8221; custom_css_main_element_last_edited=&#8221;on|phone&#8221; custom_css_main_element_tablet=&#8221;max-width:50%;||min-width:50%;&#8221; custom_css_main_element_phone=&#8221;max-width:100%;||min-width:100%;&#8221;]<\/p>\n<p>Mosquiteres<\/p>\n<p>[\/et_pb_blurb][et_pb_blurb url=&#8221;@ET-DC@eyJkeW5hbWljIjp0cnVlLCJjb250ZW50IjoicG9zdF9saW5rX3VybF9wYWdlIiwic2V0dGluZ3MiOnsicG9zdF9pZCI6IjU2NCJ9fQ==@&#8221; image=&#8221;https:\/\/aluminiosalutech.com\/wp-content\/uploads\/alutech-icono-mallorquinas-2.webp&#8221; alt=&#8221;Mallorquines&#8221; image_icon_width=&#8221;94px&#8221; _builder_version=&#8221;4.27.4&#8243; _dynamic_attributes=&#8221;url,link_option_url&#8221; _module_preset=&#8221;default&#8221; header_level=&#8221;h3&#8243; header_font=&#8221;|300|||||||&#8221; header_text_align=&#8221;center&#8221; header_font_size=&#8221;14px&#8221; header_line_height=&#8221;1.5em&#8221; body_text_align=&#8221;center&#8221; custom_padding=&#8221;1em|1em|1em|1em|true|true&#8221; link_option_url=&#8221;@ET-DC@eyJkeW5hbWljIjp0cnVlLCJjb250ZW50IjoicG9zdF9saW5rX3VybF9wYWdlIiwic2V0dGluZ3MiOnsicG9zdF9pZCI6IjU2NCJ9fQ==@&#8221; custom_css_main_element=&#8221;max-width:25%;||min-width:25%;&#8221; custom_css_free_form=&#8221;selector .et_pb_blurb_description{||  background-color:#757575;||  color:white;||  font-weight:bold;||  width:fit-content;||  margin:auto;||  padding:0.2em 1em;||}||selector .et_pb_blurb_description:hover{||  background-color:#198385;||  cursor:pointer;||}&#8221; custom_css_blurb_title=&#8221;margin-bottom:0.5em;&#8221; global_colors_info=&#8221;{}&#8221; custom_css_main_element_last_edited=&#8221;on|phone&#8221; custom_css_main_element_tablet=&#8221;max-width:50%;||min-width:50%;&#8221; custom_css_main_element_phone=&#8221;max-width:100%;||min-width:100%;&#8221;]<\/p>\n<p>Mallorquines<\/p>\n<p>[\/et_pb_blurb][et_pb_blurb url=&#8221;@ET-DC@eyJkeW5hbWljIjp0cnVlLCJjb250ZW50IjoicG9zdF9saW5rX3VybF9wYWdlIiwic2V0dGluZ3MiOnsicG9zdF9pZCI6IjU3MyJ9fQ==@&#8221; image=&#8221;https:\/\/aluminiosalutech.com\/wp-content\/uploads\/alutech-icono-toldos-2.webp&#8221; alt=&#8221;Tendals&#8221; image_icon_width=&#8221;100px&#8221; _builder_version=&#8221;4.27.4&#8243; _dynamic_attributes=&#8221;url,link_option_url&#8221; _module_preset=&#8221;default&#8221; header_level=&#8221;h3&#8243; header_font=&#8221;|300|||||||&#8221; header_text_align=&#8221;center&#8221; header_font_size=&#8221;14px&#8221; header_line_height=&#8221;1.5em&#8221; body_text_align=&#8221;center&#8221; custom_padding=&#8221;1em|1em|1em|1em|true|true&#8221; link_option_url=&#8221;@ET-DC@eyJkeW5hbWljIjp0cnVlLCJjb250ZW50IjoicG9zdF9saW5rX3VybF9wYWdlIiwic2V0dGluZ3MiOnsicG9zdF9pZCI6IjU3MyJ9fQ==@&#8221; custom_css_main_element=&#8221;max-width:25%;||min-width:25%;&#8221; custom_css_free_form=&#8221;selector .et_pb_blurb_description{||  background-color:#757575;||  color:white;||  font-weight:bold;||  width:fit-content;||  margin:auto;||  padding:0.2em 1em;||}||selector .et_pb_blurb_description:hover{||  background-color:#198385;||  cursor:pointer;||}&#8221; custom_css_blurb_title=&#8221;margin-bottom:0.5em;&#8221; global_colors_info=&#8221;{}&#8221; custom_css_main_element_last_edited=&#8221;on|phone&#8221; custom_css_main_element_tablet=&#8221;max-width:50%;||min-width:50%;&#8221; custom_css_main_element_phone=&#8221;max-width:100%;||min-width:100%;&#8221;]<\/p>\n<p>Mallorquines<\/p>\n<p>[\/et_pb_blurb][\/et_pb_column][\/et_pb_row][\/et_pb_section]<\/p>\n","protected":false},"excerpt":{"rendered":"<p>Tendals a mida <nav class=\"welove-breadcrumbs\" aria-label=\"breadcrumbs\"><a href=\"https:\/\/aluminiosalutech.com\/ca\/\">Inicio<\/a>&#8221;<\/nav>Tendals Tendals i p\u00e8rgoles a mida per crear ombra sense perdre ventilaci\u00f3 quan el sol apreta. Fabriquem tot tipus de tendals (stor, cortavents, punt recte, extensibles, cofre i semicofre) i p\u00e8rgoles amb lonas d\u2019alta qualitat, tractaments antimanchas i impermeabilitzants, accionament manual o motoritzat i 10 anys de garantia. Confort [&hellip;]<\/p>\n","protected":false},"author":1,"featured_media":2491,"parent":2535,"menu_order":0,"comment_status":"closed","ping_status":"closed","template":"","meta":{"_acf_changed":false,"_et_pb_use_builder":"on","_et_pb_old_content":"","_et_gb_content_width":"","inline_featured_image":false,"footnotes":""},"class_list":["post-2551","page","type-page","status-publish","has-post-thumbnail","hentry"],"acf":[],"yoast_head":"<!-- This site is optimized with the Yoast SEO plugin v26.3 - https:\/\/yoast.com\/wordpress\/plugins\/seo\/ -->\n<title>Instal\u00b7laci\u00f3 de tendals a Barcelona a mida | Alutech<\/title>\n<meta name=\"description\" content=\"Tendals a mida a Barcelona per a terrasses i balcons. Ombra, reducci\u00f3 de calor i muntatge prec\u00eds. Sol\u00b7licita pressupost professional.\" \/>\n<meta name=\"robots\" content=\"index, follow, max-snippet:-1, max-image-preview:large, max-video-preview:-1\" \/>\n<link rel=\"canonical\" href=\"https:\/\/aluminiosalutech.com\/ca\/accessoris-per-a-finestres\/tendals-a-mida\/\" \/>\n<meta property=\"og:locale\" content=\"ca_ES\" \/>\n<meta property=\"og:type\" content=\"article\" \/>\n<meta property=\"og:title\" content=\"Instal\u00b7laci\u00f3 de tendals a Barcelona a mida | Alutech\" \/>\n<meta property=\"og:description\" content=\"Tendals a mida a Barcelona per a terrasses i balcons. Ombra, reducci\u00f3 de calor i muntatge prec\u00eds. Sol\u00b7licita pressupost professional.\" \/>\n<meta property=\"og:url\" content=\"https:\/\/aluminiosalutech.com\/ca\/accessoris-per-a-finestres\/tendals-a-mida\/\" \/>\n<meta property=\"og:site_name\" content=\"Alutech\" \/>\n<meta property=\"article:modified_time\" content=\"2025-10-17T15:02:56+00:00\" \/>\n<meta property=\"og:image\" content=\"https:\/\/aluminiosalutech.com\/wp-content\/uploads\/alutech-toldos-2.webp\" \/>\n\t<meta property=\"og:image:width\" content=\"830\" \/>\n\t<meta property=\"og:image:height\" content=\"615\" \/>\n\t<meta property=\"og:image:type\" content=\"image\/webp\" \/>\n<meta name=\"twitter:card\" content=\"summary_large_image\" \/>\n<meta name=\"twitter:label1\" content=\"Temps estimat de lectura\" \/>\n\t<meta name=\"twitter:data1\" content=\"30 minuts\" \/>\n<script type=\"application\/ld+json\" class=\"yoast-schema-graph\">{\"@context\":\"https:\/\/schema.org\",\"@graph\":[{\"@type\":\"WebPage\",\"@id\":\"https:\/\/aluminiosalutech.com\/ca\/accessoris-per-a-finestres\/tendals-a-mida\/\",\"url\":\"https:\/\/aluminiosalutech.com\/ca\/accessoris-per-a-finestres\/tendals-a-mida\/\",\"name\":\"Instal\u00b7laci\u00f3 de tendals a Barcelona a mida | Alutech\",\"isPartOf\":{\"@id\":\"https:\/\/aluminiosalutech.com\/ca\/#website\"},\"primaryImageOfPage\":{\"@id\":\"https:\/\/aluminiosalutech.com\/ca\/accessoris-per-a-finestres\/tendals-a-mida\/#primaryimage\"},\"image\":{\"@id\":\"https:\/\/aluminiosalutech.com\/ca\/accessoris-per-a-finestres\/tendals-a-mida\/#primaryimage\"},\"thumbnailUrl\":\"https:\/\/aluminiosalutech.com\/wp-content\/uploads\/alutech-toldos-2.webp\",\"datePublished\":\"2025-09-05T06:39:37+00:00\",\"dateModified\":\"2025-10-17T15:02:56+00:00\",\"description\":\"Tendals a mida a Barcelona per a terrasses i balcons. Ombra, reducci\u00f3 de calor i muntatge prec\u00eds. Sol\u00b7licita pressupost professional.\",\"breadcrumb\":{\"@id\":\"https:\/\/aluminiosalutech.com\/ca\/accessoris-per-a-finestres\/tendals-a-mida\/#breadcrumb\"},\"inLanguage\":\"ca\",\"potentialAction\":[{\"@type\":\"ReadAction\",\"target\":[\"https:\/\/aluminiosalutech.com\/ca\/accessoris-per-a-finestres\/tendals-a-mida\/\"]}]},{\"@type\":\"ImageObject\",\"inLanguage\":\"ca\",\"@id\":\"https:\/\/aluminiosalutech.com\/ca\/accessoris-per-a-finestres\/tendals-a-mida\/#primaryimage\",\"url\":\"https:\/\/aluminiosalutech.com\/wp-content\/uploads\/alutech-toldos-2.webp\",\"contentUrl\":\"https:\/\/aluminiosalutech.com\/wp-content\/uploads\/alutech-toldos-2.webp\",\"width\":830,\"height\":615},{\"@type\":\"BreadcrumbList\",\"@id\":\"https:\/\/aluminiosalutech.com\/ca\/accessoris-per-a-finestres\/tendals-a-mida\/#breadcrumb\",\"itemListElement\":[{\"@type\":\"ListItem\",\"position\":1,\"name\":\"Portada\",\"item\":\"https:\/\/aluminiosalutech.com\/ca\/\"},{\"@type\":\"ListItem\",\"position\":2,\"name\":\"Accessoris per a finestres\",\"item\":\"https:\/\/aluminiosalutech.com\/ca\/accesorios-para-ventanas\/\"},{\"@type\":\"ListItem\",\"position\":3,\"name\":\"Tendals a mida\"}]},{\"@type\":\"WebSite\",\"@id\":\"https:\/\/aluminiosalutech.com\/ca\/#website\",\"url\":\"https:\/\/aluminiosalutech.com\/ca\/\",\"name\":\"Alutech\",\"description\":\"\",\"potentialAction\":[{\"@type\":\"SearchAction\",\"target\":{\"@type\":\"EntryPoint\",\"urlTemplate\":\"https:\/\/aluminiosalutech.com\/ca\/?s={search_term_string}\"},\"query-input\":{\"@type\":\"PropertyValueSpecification\",\"valueRequired\":true,\"valueName\":\"search_term_string\"}}],\"inLanguage\":\"ca\"}]}<\/script>\n<!-- \/ Yoast SEO plugin. -->","yoast_head_json":{"title":"Instal\u00b7laci\u00f3 de tendals a Barcelona a mida | Alutech","description":"Tendals a mida a Barcelona per a terrasses i balcons. Ombra, reducci\u00f3 de calor i muntatge prec\u00eds. Sol\u00b7licita pressupost professional.","robots":{"index":"index","follow":"follow","max-snippet":"max-snippet:-1","max-image-preview":"max-image-preview:large","max-video-preview":"max-video-preview:-1"},"canonical":"https:\/\/aluminiosalutech.com\/ca\/accessoris-per-a-finestres\/tendals-a-mida\/","og_locale":"ca_ES","og_type":"article","og_title":"Instal\u00b7laci\u00f3 de tendals a Barcelona a mida | Alutech","og_description":"Tendals a mida a Barcelona per a terrasses i balcons. Ombra, reducci\u00f3 de calor i muntatge prec\u00eds. Sol\u00b7licita pressupost professional.","og_url":"https:\/\/aluminiosalutech.com\/ca\/accessoris-per-a-finestres\/tendals-a-mida\/","og_site_name":"Alutech","article_modified_time":"2025-10-17T15:02:56+00:00","og_image":[{"width":830,"height":615,"url":"https:\/\/aluminiosalutech.com\/wp-content\/uploads\/alutech-toldos-2.webp","type":"image\/webp"}],"twitter_card":"summary_large_image","twitter_misc":{"Temps estimat de lectura":"30 minuts"},"schema":{"@context":"https:\/\/schema.org","@graph":[{"@type":"WebPage","@id":"https:\/\/aluminiosalutech.com\/ca\/accessoris-per-a-finestres\/tendals-a-mida\/","url":"https:\/\/aluminiosalutech.com\/ca\/accessoris-per-a-finestres\/tendals-a-mida\/","name":"Instal\u00b7laci\u00f3 de tendals a Barcelona a mida | Alutech","isPartOf":{"@id":"https:\/\/aluminiosalutech.com\/ca\/#website"},"primaryImageOfPage":{"@id":"https:\/\/aluminiosalutech.com\/ca\/accessoris-per-a-finestres\/tendals-a-mida\/#primaryimage"},"image":{"@id":"https:\/\/aluminiosalutech.com\/ca\/accessoris-per-a-finestres\/tendals-a-mida\/#primaryimage"},"thumbnailUrl":"https:\/\/aluminiosalutech.com\/wp-content\/uploads\/alutech-toldos-2.webp","datePublished":"2025-09-05T06:39:37+00:00","dateModified":"2025-10-17T15:02:56+00:00","description":"Tendals a mida a Barcelona per a terrasses i balcons. Ombra, reducci\u00f3 de calor i muntatge prec\u00eds. Sol\u00b7licita pressupost professional.","breadcrumb":{"@id":"https:\/\/aluminiosalutech.com\/ca\/accessoris-per-a-finestres\/tendals-a-mida\/#breadcrumb"},"inLanguage":"ca","potentialAction":[{"@type":"ReadAction","target":["https:\/\/aluminiosalutech.com\/ca\/accessoris-per-a-finestres\/tendals-a-mida\/"]}]},{"@type":"ImageObject","inLanguage":"ca","@id":"https:\/\/aluminiosalutech.com\/ca\/accessoris-per-a-finestres\/tendals-a-mida\/#primaryimage","url":"https:\/\/aluminiosalutech.com\/wp-content\/uploads\/alutech-toldos-2.webp","contentUrl":"https:\/\/aluminiosalutech.com\/wp-content\/uploads\/alutech-toldos-2.webp","width":830,"height":615},{"@type":"BreadcrumbList","@id":"https:\/\/aluminiosalutech.com\/ca\/accessoris-per-a-finestres\/tendals-a-mida\/#breadcrumb","itemListElement":[{"@type":"ListItem","position":1,"name":"Portada","item":"https:\/\/aluminiosalutech.com\/ca\/"},{"@type":"ListItem","position":2,"name":"Accessoris per a finestres","item":"https:\/\/aluminiosalutech.com\/ca\/accesorios-para-ventanas\/"},{"@type":"ListItem","position":3,"name":"Tendals a mida"}]},{"@type":"WebSite","@id":"https:\/\/aluminiosalutech.com\/ca\/#website","url":"https:\/\/aluminiosalutech.com\/ca\/","name":"Alutech","description":"","potentialAction":[{"@type":"SearchAction","target":{"@type":"EntryPoint","urlTemplate":"https:\/\/aluminiosalutech.com\/ca\/?s={search_term_string}"},"query-input":{"@type":"PropertyValueSpecification","valueRequired":true,"valueName":"search_term_string"}}],"inLanguage":"ca"}]}},"_links":{"self":[{"href":"https:\/\/aluminiosalutech.com\/ca\/wp-json\/wp\/v2\/pages\/2551","targetHints":{"allow":["GET"]}}],"collection":[{"href":"https:\/\/aluminiosalutech.com\/ca\/wp-json\/wp\/v2\/pages"}],"about":[{"href":"https:\/\/aluminiosalutech.com\/ca\/wp-json\/wp\/v2\/types\/page"}],"author":[{"embeddable":true,"href":"https:\/\/aluminiosalutech.com\/ca\/wp-json\/wp\/v2\/users\/1"}],"replies":[{"embeddable":true,"href":"https:\/\/aluminiosalutech.com\/ca\/wp-json\/wp\/v2\/comments?post=2551"}],"version-history":[{"count":2,"href":"https:\/\/aluminiosalutech.com\/ca\/wp-json\/wp\/v2\/pages\/2551\/revisions"}],"predecessor-version":[{"id":2553,"href":"https:\/\/aluminiosalutech.com\/ca\/wp-json\/wp\/v2\/pages\/2551\/revisions\/2553"}],"up":[{"embeddable":true,"href":"https:\/\/aluminiosalutech.com\/ca\/wp-json\/wp\/v2\/pages\/2535"}],"wp:featuredmedia":[{"embeddable":true,"href":"https:\/\/aluminiosalutech.com\/ca\/wp-json\/wp\/v2\/media\/2491"}],"wp:attachment":[{"href":"https:\/\/aluminiosalutech.com\/ca\/wp-json\/wp\/v2\/media?parent=2551"}],"curies":[{"name":"wp","href":"https:\/\/api.w.org\/{rel}","templated":true}]}}