{"id":2554,"date":"2025-09-15T15:15:50","date_gmt":"2025-09-15T13:15:50","guid":{"rendered":"https:\/\/aluminiosalutech.com\/balcons-i-terrasses\/"},"modified":"2025-10-17T17:12:52","modified_gmt":"2025-10-17T15:12:52","slug":"balcons-i-terrasses","status":"publish","type":"page","link":"https:\/\/aluminiosalutech.com\/ca\/balcons-i-terrasses\/","title":{"rendered":"Balcons i terrasses"},"content":{"rendered":"<p>[et_pb_section fb_built=&#8221;1&#8243; admin_label=&#8221;section&#8221; _builder_version=&#8221;4.27.4&#8243; background_color=&#8221;#198385&#8243; custom_padding=&#8221;0px||0px||true|false&#8221; global_colors_info=&#8221;{}&#8221;][et_pb_row make_equal=&#8221;on&#8221; admin_label=&#8221;row&#8221; _builder_version=&#8221;4.27.4&#8243; background_size=&#8221;initial&#8221; background_position=&#8221;top_left&#8221; background_repeat=&#8221;repeat&#8221; width=&#8221;90%&#8221; custom_padding=&#8221;0em||0em||true|false&#8221; global_colors_info=&#8221;{}&#8221;][et_pb_column type=&#8221;4_4&#8243; _builder_version=&#8221;4.27.4&#8243; background_enable_color=&#8221;off&#8221; background_enable_image=&#8221;off&#8221; custom_padding=&#8221;2em|2em|2em|2em|true|true&#8221; global_colors_info=&#8221;{}&#8221; custom_padding__hover=&#8221;|||&#8221;][et_pb_text _builder_version=&#8221;4.27.4&#8243; _module_preset=&#8221;default&#8221; text_font=&#8221;|||on|||||&#8221; header_text_align=&#8221;center&#8221; header_text_color=&#8221;#FFFFFF&#8221; header_2_text_align=&#8221;center&#8221; header_2_text_color=&#8221;#FFFFFF&#8221; header_2_font_size=&#8221;30px&#8221; header_2_line_height=&#8221;1.2em&#8221; custom_margin=&#8221;||0em||false|false&#8221; header_2_font_size_tablet=&#8221;30px&#8221; header_2_font_size_phone=&#8221;25px&#8221; header_2_font_size_last_edited=&#8221;on|phone&#8221; custom_css_free_form=&#8221;selector em{||  color:#2FBDCA;||  font-weight:bold;||  font-style:normal;||}||selector h1,||selector h2{||  padding-bottom:0px;||}&#8221; global_colors_info=&#8221;{}&#8221;]<\/p>\n<h1>Balcons i terrasses<\/h1>\n<p>[\/et_pb_text][\/et_pb_column][\/et_pb_row][\/et_pb_section][et_pb_section fb_built=&#8221;1&#8243; admin_label=&#8221;section&#8221; _builder_version=&#8221;4.27.4&#8243; custom_padding=&#8221;0px||0px||true|false&#8221; locked=&#8221;off&#8221; global_colors_info=&#8221;{}&#8221;][et_pb_row column_structure=&#8221;1_2,1_2&#8243; make_equal=&#8221;on&#8221; admin_label=&#8221;row&#8221; _builder_version=&#8221;4.27.4&#8243; background_size=&#8221;initial&#8221; background_position=&#8221;top_left&#8221; background_repeat=&#8221;repeat&#8221; width=&#8221;90%&#8221; custom_padding=&#8221;3em||3em||true|false&#8221; hover_enabled=&#8221;0&#8243; global_colors_info=&#8221;{}&#8221; sticky_enabled=&#8221;0&#8243;][et_pb_column type=&#8221;1_2&#8243; _builder_version=&#8221;4.27.4&#8243; custom_padding=&#8221;0em||0em||true|false&#8221; global_colors_info=&#8221;{}&#8221; custom_padding__hover=&#8221;|||&#8221;][et_pb_code admin_label=&#8221;Breabcrumb&#8221; _builder_version=&#8221;4.27.4&#8243; _module_preset=&#8221;default&#8221; width=&#8221;100%&#8221; custom_margin=&#8221;||1em||false|false&#8221; global_colors_info=&#8221;{}&#8221;]<nav class=\"welove-breadcrumbs\" aria-label=\"breadcrumbs\"><a href=\"https:\/\/aluminiosalutech.com\/ca\/\">Inicio<\/a>&#8221;<\/nav>[\/et_pb_code][et_pb_text _builder_version=&#8221;4.27.4&#8243; _module_preset=&#8221;default&#8221; text_font=&#8221;|||on|||||&#8221; header_2_text_align=&#8221;left&#8221; header_2_font_size=&#8221;30px&#8221; header_2_line_height=&#8221;1.2em&#8221; max_width=&#8221;500px&#8221; custom_margin=&#8221;||1em||false|false&#8221; header_2_font_size_tablet=&#8221;30px&#8221; header_2_font_size_phone=&#8221;25px&#8221; header_2_font_size_last_edited=&#8221;on|phone&#8221; custom_css_free_form=&#8221;selector em{||  color:#198385;||  font-weight:bold;||  font-style:normal;||}||selector h2{||  padding-bottom:0px;||}&#8221; global_colors_info=&#8221;{}&#8221;]<\/p>\n<h2><em><strong>Vidrieres<\/strong><\/em> de balc\u00f3 i terrassa<\/h2>\n<p>[\/et_pb_text][et_pb_text ul_type=&#8221;square&#8221; ul_position=&#8221;inside&#8221; ul_item_indent=&#8221;1em&#8221; _builder_version=&#8221;4.27.4&#8243; _module_preset=&#8221;default&#8221; text_font=&#8221;|300|||||||&#8221; custom_margin=&#8221;||1em||false|false&#8221; custom_css_free_form=&#8221;selector ul {||  list-style-type: square; \/* marcador cuadrado nativo *\/||  padding-left: 1.5em;     \/* espacio para que no se monte *\/||  padding-top:1em;||  margin: 0;||}||||selector ul li {||  line-height: 1.5em;      \/* altura de l\u00ednea consistente *\/||  padding-left: 0em;     \/* separa texto del marcador *\/||  margin-bottom:0.5em;||}||||selector ul li::marker {||  font-size: 1.2em;        \/* ajusta tama\u00f1o del cuadrado *\/||  color: #239292;          \/* color personalizado *\/||}&#8221; locked=&#8221;off&#8221; global_colors_info=&#8221;{}&#8221;]<\/p>\n<p>Dissenyem, fabriquem i instal\u00b7lem fusteria met\u00e0l\u00b7lica a mida per transformar i protegir el teu balc\u00f3 o terrassa.<\/p>\n<p>Terrassa i balc\u00f3 amb vidrieres a mida:<\/p>\n<ul>\n<li>Instal\u00b7lem <a href=\"https:\/\/aluminiosalutech.com\/balcones-y-terrazas\/cristaleras-plegables\/\"><strong>vidrieres plegables i parets acristallades sense marc fix<\/strong><\/a> per maximitzar la llum i la continu\u00eftat.<\/li>\n<li>Tamb\u00e9 <a href=\"https:\/\/aluminiosalutech.com\/balcones-y-terrazas\/cristaleras-correderas\/\"><strong>vidrieres corredisses<\/strong><\/a> que ocupen el m\u00ednim espai.<\/li>\n<li><a href=\"https:\/\/aluminiosalutech.com\/balcones-y-terrazas\/cristaleras-abatibles\/\"><strong>Porta paral\u00b7lela oscil\u00b7lobatent<\/strong> i <strong>vidrieres abatibles<\/strong><\/a> per obrir la teva llar a l\u2019exterior.<\/li>\n<li>Si busques un tancament efica\u00e7, realitzem <a href=\"https:\/\/aluminiosalutech.com\/balcones-y-terrazas\/cerramientos\/\"><strong>tancament de balcons amb estructura de metall i vidre<\/strong><\/a>.<\/li>\n<\/ul>\n<p>Si cerques m\u00e9s privacitat, tallar el vent, guanyar metres \u00fatils o renovar la imatge de l\u2019edifici, et proposem sistemes eficients, de baix manteniment i totalment personalitzables en color, textura i geometria per a la teva terrassa i balc\u00f3.<\/p>\n<p>[\/et_pb_text][et_pb_button button_url=&#8221;@ET-DC@eyJkeW5hbWljIjp0cnVlLCJjb250ZW50IjoicG9zdF9saW5rX3VybF9wYWdlIiwic2V0dGluZ3MiOnsicG9zdF9pZCI6IjgzIn19@&#8221; button_text=&#8221;P\u00e0gina de contacte&#8221; _builder_version=&#8221;4.27.4&#8243; _dynamic_attributes=&#8221;button_url&#8221; _module_preset=&#8221;default&#8221; custom_button=&#8221;on&#8221; button_text_size=&#8221;14px&#8221; button_font=&#8221;|700|||||||&#8221; button_use_icon=&#8221;off&#8221; global_colors_info=&#8221;{}&#8221;][\/et_pb_button][\/et_pb_column][et_pb_column type=&#8221;1_2&#8243; _builder_version=&#8221;4.27.4&#8243; background_enable_color=&#8221;off&#8221; background_image=&#8221;https:\/\/aluminiosalutech.com\/wp-content\/uploads\/alutech-balcones-terrazas.webp&#8221; background_position=&#8221;top_left&#8221; custom_padding=&#8221;15em|2em|15em|2em|true|true&#8221; custom_padding_tablet=&#8221;18em||18em||true|true&#8221; custom_padding_phone=&#8221;10em||10em||true|true&#8221; custom_padding_last_edited=&#8221;on|phone&#8221; hover_enabled=&#8221;0&#8243; global_colors_info=&#8221;{}&#8221; custom_padding__hover=&#8221;|||&#8221; custom_css_main_element_last_edited=&#8221;on|phone&#8221; sticky_enabled=&#8221;0&#8243; custom_css_main_element_tablet=&#8221;display:flex !important;&#8221; custom_css_main_element_phone=&#8221;display:flex !important;&#8221;][\/et_pb_column][\/et_pb_row][\/et_pb_section][et_pb_section fb_built=&#8221;1&#8243; admin_label=&#8221;section&#8221; _builder_version=&#8221;4.27.4&#8243; background_color=&#8221;#eff0ef&#8221; custom_padding=&#8221;0px||3em||false|false&#8221; global_module=&#8221;1417&#8243; saved_tabs=&#8221;all&#8221; locked=&#8221;off&#8221; global_colors_info=&#8221;{}&#8221;][et_pb_row admin_label=&#8221;row&#8221; _builder_version=&#8221;4.27.4&#8243; background_size=&#8221;initial&#8221; background_position=&#8221;top_left&#8221; background_repeat=&#8221;repeat&#8221; width=&#8221;90%&#8221; global_colors_info=&#8221;{}&#8221;][et_pb_column type=&#8221;4_4&#8243; _builder_version=&#8221;4.16&#8243; custom_padding=&#8221;|||&#8221; global_colors_info=&#8221;{}&#8221; custom_padding__hover=&#8221;|||&#8221;][et_pb_text _builder_version=&#8221;4.27.4&#8243; _module_preset=&#8221;default&#8221; text_font=&#8221;|||on|||||&#8221; header_2_font_size=&#8221;30px&#8221; header_2_line_height=&#8221;1.2em&#8221; width=&#8221;100%&#8221; custom_margin=&#8221;||0em||false|false&#8221; header_2_font_size_tablet=&#8221;30px&#8221; header_2_font_size_phone=&#8221;25px&#8221; header_2_font_size_last_edited=&#8221;on|phone&#8221; custom_css_free_form=&#8221;selector em{||  color:#198385;||  font-weight:bold;||  font-style:normal;||}||selector h2{||  padding-bottom:0px;||}&#8221; global_colors_info=&#8221;{}&#8221;]<\/p>\n<h2 style=\"text-align: center;\">Les nostres <em><strong>vidrieres<\/strong><\/em><\/h2>\n<p>[\/et_pb_text][\/et_pb_column][\/et_pb_row][et_pb_row admin_label=&#8221;row&#8221; _builder_version=&#8221;4.27.4&#8243; background_color=&#8221;#FFFFFF&#8221; background_size=&#8221;initial&#8221; background_position=&#8221;top_left&#8221; background_repeat=&#8221;repeat&#8221; width=&#8221;90%&#8221; custom_margin=&#8221;||0px||false|false&#8221; custom_padding=&#8221;|2em|0px|2em|false|true&#8221; hover_enabled=&#8221;0&#8243; global_colors_info=&#8221;{}&#8221; sticky_enabled=&#8221;0&#8243;][et_pb_column type=&#8221;4_4&#8243; _builder_version=&#8221;4.27.4&#8243; custom_padding=&#8221;|||&#8221; custom_css_main_element=&#8221;display:flex;||justify-content:space-around;||flex-flow:wrap;&#8221; global_colors_info=&#8221;{}&#8221; custom_padding__hover=&#8221;|||&#8221;][et_pb_blurb url=&#8221;@ET-DC@eyJkeW5hbWljIjp0cnVlLCJjb250ZW50IjoicG9zdF9saW5rX3VybF9wYWdlIiwic2V0dGluZ3MiOnsicG9zdF9pZCI6Ijg1NyJ9fQ==@&#8221; image=&#8221;https:\/\/aluminiosalutech.com\/wp-content\/uploads\/icono-cristaleras-abatibles.webp&#8221; image_icon_width=&#8221;150px&#8221; image_icon_width_tablet=&#8221;150px&#8221; image_icon_width_phone=&#8221;150px&#8221; image_icon_width_last_edited=&#8221;on|desktop&#8221; _builder_version=&#8221;4.27.4&#8243; _dynamic_attributes=&#8221;url,link_option_url&#8221; _module_preset=&#8221;default&#8221; header_level=&#8221;h3&#8243; header_font=&#8221;|300|||||||&#8221; header_text_align=&#8221;center&#8221; header_font_size=&#8221;14px&#8221; header_line_height=&#8221;1.5em&#8221; body_text_align=&#8221;center&#8221; custom_padding=&#8221;1em|1em|1em|1em|true|true&#8221; link_option_url=&#8221;@ET-DC@eyJkeW5hbWljIjp0cnVlLCJjb250ZW50IjoicG9zdF9saW5rX3VybF9wYWdlIiwic2V0dGluZ3MiOnsicG9zdF9pZCI6Ijg1NyJ9fQ==@&#8221; custom_css_main_element=&#8221;max-width:25%;||min-width:25%;&#8221; custom_css_free_form=&#8221;selector .et_pb_blurb_description{||  background-color:#757575;||  color:white;||  font-weight:bold;||  width:fit-content;||  margin:auto;||  padding:0.2em 1em;||}||selector .et_pb_blurb_description:hover{||  background-color:#198385;||  cursor:pointer;||}&#8221; custom_css_blurb_title=&#8221;margin-bottom:0.5em;&#8221; global_colors_info=&#8221;{}&#8221; custom_css_main_element_last_edited=&#8221;on|phone&#8221; custom_css_main_element_tablet=&#8221;max-width:50%;||min-width:50%;&#8221; custom_css_main_element_phone=&#8221;max-width:100%;||min-width:100%;&#8221;]<\/p>\n<p>Vidrieres abatibles<\/p>\n<p>[\/et_pb_blurb][et_pb_blurb url=&#8221;@ET-DC@eyJkeW5hbWljIjp0cnVlLCJjb250ZW50IjoicG9zdF9saW5rX3VybF9wYWdlIiwic2V0dGluZ3MiOnsicG9zdF9pZCI6Ijg1NCJ9fQ==@&#8221; image=&#8221;https:\/\/aluminiosalutech.com\/wp-content\/uploads\/icono-cristaleras-correderas.webp&#8221; image_icon_width=&#8221;150px&#8221; _builder_version=&#8221;4.27.4&#8243; _dynamic_attributes=&#8221;url,link_option_url&#8221; _module_preset=&#8221;default&#8221; header_level=&#8221;h3&#8243; header_font=&#8221;|300|||||||&#8221; header_text_align=&#8221;center&#8221; header_font_size=&#8221;14px&#8221; header_line_height=&#8221;1.5em&#8221; body_text_align=&#8221;center&#8221; custom_padding=&#8221;1em|1em|1em|1em|true|true&#8221; link_option_url=&#8221;@ET-DC@eyJkeW5hbWljIjp0cnVlLCJjb250ZW50IjoicG9zdF9saW5rX3VybF9wYWdlIiwic2V0dGluZ3MiOnsicG9zdF9pZCI6Ijg1NCJ9fQ==@&#8221; custom_css_main_element=&#8221;max-width:25%;||min-width:25%;&#8221; custom_css_free_form=&#8221;selector .et_pb_blurb_description{||  background-color:#757575;||  color:white;||  font-weight:bold;||  width:fit-content;||  margin:auto;||  padding:0.2em 1em;||}||selector .et_pb_blurb_description:hover{||  background-color:#198385;||  cursor:pointer;||}&#8221; custom_css_blurb_title=&#8221;margin-bottom:0.5em;&#8221; global_colors_info=&#8221;{}&#8221; custom_css_main_element_last_edited=&#8221;on|phone&#8221; custom_css_main_element_tablet=&#8221;max-width:50%;||min-width:50%;&#8221; custom_css_main_element_phone=&#8221;max-width:100%;||min-width:100%;&#8221;]<\/p>\n<p>Vidrieres corredisses<\/p>\n<p>[\/et_pb_blurb][et_pb_blurb url=&#8221;@ET-DC@eyJkeW5hbWljIjp0cnVlLCJjb250ZW50IjoicG9zdF9saW5rX3VybF9wYWdlIiwic2V0dGluZ3MiOnsicG9zdF9pZCI6Ijg1MCJ9fQ==@&#8221; image=&#8221;https:\/\/aluminiosalutech.com\/wp-content\/uploads\/icono-cristaleras-plegables.webp&#8221; image_icon_width=&#8221;150px&#8221; _builder_version=&#8221;4.27.4&#8243; _dynamic_attributes=&#8221;url,link_option_url&#8221; _module_preset=&#8221;default&#8221; header_level=&#8221;h3&#8243; header_font=&#8221;|300|||||||&#8221; header_text_align=&#8221;center&#8221; header_font_size=&#8221;14px&#8221; header_line_height=&#8221;1.5em&#8221; body_text_align=&#8221;center&#8221; custom_padding=&#8221;1em|1em|1em|1em|true|true&#8221; link_option_url=&#8221;@ET-DC@eyJkeW5hbWljIjp0cnVlLCJjb250ZW50IjoicG9zdF9saW5rX3VybF9wYWdlIiwic2V0dGluZ3MiOnsicG9zdF9pZCI6Ijg1MCJ9fQ==@&#8221; custom_css_main_element=&#8221;max-width:25%;||min-width:25%;&#8221; custom_css_free_form=&#8221;selector .et_pb_blurb_description{||  background-color:#757575;||  color:white;||  font-weight:bold;||  width:fit-content;||  margin:auto;||  padding:0.2em 1em;||}||selector .et_pb_blurb_description:hover{||  background-color:#198385;||  cursor:pointer;||}&#8221; custom_css_blurb_title=&#8221;margin-bottom:0.5em;&#8221; global_colors_info=&#8221;{}&#8221; custom_css_main_element_last_edited=&#8221;on|phone&#8221; custom_css_main_element_tablet=&#8221;max-width:50%;||min-width:50%;&#8221; custom_css_main_element_phone=&#8221;max-width:100%;||min-width:100%;&#8221;]<\/p>\n<p>Vidrieres plegables<\/p>\n<p>[\/et_pb_blurb][et_pb_blurb url=&#8221;@ET-DC@eyJkeW5hbWljIjp0cnVlLCJjb250ZW50IjoicG9zdF9saW5rX3VybF9wYWdlIiwic2V0dGluZ3MiOnsicG9zdF9pZCI6Ijg1OSJ9fQ==@&#8221; image=&#8221;https:\/\/aluminiosalutech.com\/wp-content\/uploads\/icono-cerramiento-balcones.webp&#8221; image_icon_width=&#8221;150px&#8221; _builder_version=&#8221;4.27.4&#8243; _dynamic_attributes=&#8221;url,link_option_url&#8221; _module_preset=&#8221;default&#8221; header_level=&#8221;h3&#8243; header_font=&#8221;|300|||||||&#8221; header_text_align=&#8221;center&#8221; header_font_size=&#8221;14px&#8221; header_line_height=&#8221;1.5em&#8221; body_text_align=&#8221;center&#8221; custom_padding=&#8221;1em|1em|1em|1em|true|true&#8221; link_option_url=&#8221;@ET-DC@eyJkeW5hbWljIjp0cnVlLCJjb250ZW50IjoicG9zdF9saW5rX3VybF9wYWdlIiwic2V0dGluZ3MiOnsicG9zdF9pZCI6Ijg1OSJ9fQ==@&#8221; custom_css_main_element=&#8221;max-width:25%;||min-width:25%;&#8221; custom_css_free_form=&#8221;selector .et_pb_blurb_description{||  background-color:#757575;||  color:white;||  font-weight:bold;||  width:fit-content;||  margin:auto;||  padding:0.2em 1em;||}||selector .et_pb_blurb_description:hover{||  background-color:#198385;||  cursor:pointer;||}&#8221; custom_css_blurb_title=&#8221;margin-bottom:0.5em;&#8221; global_colors_info=&#8221;{}&#8221; custom_css_main_element_last_edited=&#8221;on|phone&#8221; custom_css_main_element_tablet=&#8221;max-width:50%;||min-width:50%;&#8221; custom_css_main_element_phone=&#8221;max-width:100%;||min-width:100%;&#8221;]<\/p>\n<p>Tancaments<\/p>\n<p>[\/et_pb_blurb][\/et_pb_column][\/et_pb_row][\/et_pb_section][et_pb_section fb_built=&#8221;1&#8243; admin_label=&#8221;section&#8221; _builder_version=&#8221;4.27.4&#8243; background_color=&#8221;#FFFFFF&#8221; custom_padding=&#8221;0px||3em||false|false&#8221; locked=&#8221;off&#8221; global_colors_info=&#8221;{}&#8221;][et_pb_row admin_label=&#8221;row&#8221; _builder_version=&#8221;4.27.4&#8243; background_size=&#8221;initial&#8221; background_position=&#8221;top_left&#8221; background_repeat=&#8221;repeat&#8221; width=&#8221;90%&#8221; global_colors_info=&#8221;{}&#8221;][et_pb_column type=&#8221;4_4&#8243; _builder_version=&#8221;4.16&#8243; custom_padding=&#8221;|||&#8221; global_colors_info=&#8221;{}&#8221; custom_padding__hover=&#8221;|||&#8221;][et_pb_text _builder_version=&#8221;4.27.4&#8243; _module_preset=&#8221;default&#8221; text_font=&#8221;|||on|||||&#8221; header_2_font_size=&#8221;30px&#8221; header_2_line_height=&#8221;1.2em&#8221; width=&#8221;100%&#8221; custom_margin=&#8221;||1em||false|false&#8221; header_2_font_size_tablet=&#8221;30px&#8221; header_2_font_size_phone=&#8221;25px&#8221; header_2_font_size_last_edited=&#8221;on|phone&#8221; custom_css_free_form=&#8221;selector em{||  color:#198385;||  font-weight:bold;||  font-style:normal;||}||selector h2{||  padding-bottom:0px;||}&#8221; global_colors_info=&#8221;{}&#8221;]<\/p>\n<h2 style=\"text-align: center;\">No et quedis amb els <em><strong>dubtes<\/strong><\/em><\/h2>\n<p>[\/et_pb_text][et_pb_text _builder_version=&#8221;4.27.4&#8243; _module_preset=&#8221;default&#8221; text_font=&#8221;|300|||||||&#8221; text_orientation=&#8221;center&#8221; width=&#8221;100%&#8221; global_colors_info=&#8221;{}&#8221;]<\/p>\n<p>A sota trobar\u00e0s les <strong>preguntes que els clients ens fan m\u00e9s habitualment<\/strong>. Per\u00f2 si vols ampliar qualsevol informaci\u00f3 o que estudiem les teves necessitats de forma gratu\u00efta, pots <strong>contactar amb nosaltres sense comprom\u00eds<\/strong>.<\/p>\n<p>[\/et_pb_text][\/et_pb_column][\/et_pb_row][et_pb_row admin_label=&#8221;row&#8221; _builder_version=&#8221;4.27.4&#8243; background_enable_color=&#8221;off&#8221; background_size=&#8221;initial&#8221; background_position=&#8221;top_left&#8221; background_repeat=&#8221;repeat&#8221; width=&#8221;90%&#8221; custom_margin=&#8221;||0px||false|false&#8221; custom_padding=&#8221;0px||0px||true|false&#8221; global_colors_info=&#8221;{}&#8221;][et_pb_column type=&#8221;4_4&#8243; _builder_version=&#8221;4.27.4&#8243; custom_padding=&#8221;|||&#8221; custom_css_main_element=&#8221;display:flex;||justify-content:space-around;||flex-flow:wrap;&#8221; global_colors_info=&#8221;{}&#8221; custom_padding__hover=&#8221;|||&#8221;][et_pb_accordion _builder_version=&#8221;4.27.4&#8243; _module_preset=&#8221;default&#8221; toggle_level=&#8221;h3&#8243; toggle_text_align=&#8221;center&#8221; toggle_font_size=&#8221;16px&#8221; global_colors_info=&#8221;{}&#8221;][et_pb_accordion_item title=&#8221;Quin sistema de vidriera em conv\u00e9: abatible, corredissa o plegable?&#8221; open=&#8221;on&#8221; _builder_version=&#8221;4.27.4&#8243; _module_preset=&#8221;default&#8221; global_colors_info=&#8221;{}&#8221;]<\/p>\n<p>Dep\u00e8n de l\u2019\u00fas i de l\u2019espai. Les <strong><a href=\"https:\/\/aluminiosalutech.com\/balcones-y-terrazas\/cristaleras-abatibles\/\">vidrieres abatibles<\/a><\/strong> ofereixen <strong>ventilaci\u00f3 controlada<\/strong> i gran <strong>estanquitat a l\u2019aire<\/strong>. Les <a href=\"https:\/\/aluminiosalutech.com\/balcones-y-terrazas\/cristaleras-correderas\/\"><strong>corredisses<\/strong><\/a> ocupen el m\u00ednim espai en l\u2019obertura i faciliten el pas. Les <strong><a href=\"https:\/\/aluminiosalutech.com\/balcones-y-terrazas\/cristaleras-plegables\/\">plegables<\/a><\/strong> permeten recollir gaireb\u00e9 tot el front per obrir la teva llar a l\u2019exterior. Si cerques continu\u00eftat total, valora les parets acristallades sense marc fix.<\/p>\n<p>[\/et_pb_accordion_item][et_pb_accordion_item title=&#8221;Qu\u00e8 \u00e9s una paret acristallada sense marc fix i quan es recomana?&#8221; _builder_version=&#8221;4.27.4&#8243; _module_preset=&#8221;default&#8221; global_colors_info=&#8221;{}&#8221; open=&#8221;off&#8221;]<\/p>\n<p>\u00c9s un front de vidre amb perfileria m\u00ednima, sense muntants visibles entre fulles. Aporta <strong>m\u00e0xima llum<\/strong> i visi\u00f3 panor\u00e0mica, ideal en balcons i terrasses amb bones vistes. Sol combinar-se amb portes plegables o corredisses per resoldre accessos.<\/p>\n<p>[\/et_pb_accordion_item][et_pb_accordion_item title=&#8221;Quins avantatges tenen les vidrieres plegables en balcons?&#8221; _builder_version=&#8221;4.27.4&#8243; _module_preset=&#8221;default&#8221; global_colors_info=&#8221;{}&#8221; open=&#8221;off&#8221;]<\/p>\n<p>Recullen les fulles a un lateral i deixen lliure el buit gaireb\u00e9 per complet. Afavoreixen la <strong>ventilaci\u00f3 creuada<\/strong> i la versatilitat di\u00e0ria, unint interior i exterior quan ho necessites.<\/p>\n<p>[\/et_pb_accordion_item][et_pb_accordion_item title=&#8221;Qu\u00e8 aporta una porta paral\u00b7lela oscil\u00b7lobatent?&#8221; _builder_version=&#8221;4.27.4&#8243; _module_preset=&#8221;default&#8221; global_colors_info=&#8221;{}&#8221; open=&#8221;off&#8221;]<\/p>\n<p>Combina despla\u00e7ament suau amb <strong>microventilaci\u00f3 oscil\u00b7lant<\/strong>. \u00c9s una soluci\u00f3 premium per a grans obertures: bon segellat, comoditat d\u2019\u00fas i sense envair el pas.<\/p>\n<p>[\/et_pb_accordion_item][et_pb_accordion_item title=&#8221;Necessito permisos per tancar un balc\u00f3 o canviar l\u2019est\u00e8tica?&#8221; _builder_version=&#8221;4.27.4&#8243; _module_preset=&#8221;default&#8221; global_colors_info=&#8221;{}&#8221; open=&#8221;off&#8221;]Sovint es requereix acord de la comunitat i, en alguns casos, llic\u00e8ncia municipal. [\/et_pb_accordion_item][et_pb_accordion_item title=&#8221;Millorar\u00e0 el confort davant del vent, soroll i pluja?&#8221; _builder_version=&#8221;4.27.4&#8243; _module_preset=&#8221;default&#8221; global_colors_info=&#8221;{}&#8221; open=&#8221;off&#8221;]<\/p>\n<p>S\u00ed. Un tancament ben executat redueix corrents d\u2019aire, filtra el soroll exterior i protegeix de l\u2019aigua, guanyant confort i metres \u00fatils durant tot l\u2019any.<\/p>\n<p>[\/et_pb_accordion_item][et_pb_accordion_item title=&#8221;Quin manteniment requereixen les vidrieres?&#8221; _builder_version=&#8221;4.27.4&#8243; _module_preset=&#8221;default&#8221; global_colors_info=&#8221;{}&#8221; open=&#8221;off&#8221;]\u00c9s m\u00ednim: neteja de vidre i guies, i revisi\u00f3 ocasional de juntes i ferratges. Els acabats lacats i els components de qualitat asseguren un manteniment baix i una llarga durabilitat.[\/et_pb_accordion_item][\/et_pb_accordion][\/et_pb_column][\/et_pb_row][\/et_pb_section][et_pb_section fb_built=&#8221;1&#8243; admin_label=&#8221;section&#8221; _builder_version=&#8221;4.27.4&#8243; custom_padding=&#8221;0px||0px||true|false&#8221; global_module=&#8221;424&#8243; saved_tabs=&#8221;all&#8221; global_colors_info=&#8221;{}&#8221;][et_pb_row column_structure=&#8221;1_2,1_2&#8243; make_equal=&#8221;on&#8221; admin_label=&#8221;row&#8221; _builder_version=&#8221;4.27.4&#8243; background_size=&#8221;initial&#8221; background_position=&#8221;top_left&#8221; background_repeat=&#8221;repeat&#8221; width=&#8221;90%&#8221; global_colors_info=&#8221;{}&#8221;][et_pb_column type=&#8221;1_2&#8243; _builder_version=&#8221;4.27.4&#8243; background_color=&#8221;#198385&#8243; custom_padding=&#8221;2em|2em|2em|2em|true|true&#8221; custom_css_main_element=&#8221;display:flex;||flex-flow:wrap;&#8221; global_colors_info=&#8221;{}&#8221; custom_padding__hover=&#8221;|||&#8221;][et_pb_text _builder_version=&#8221;4.27.4&#8243; _module_preset=&#8221;default&#8221; text_font=&#8221;|||on|||||&#8221; header_2_text_align=&#8221;left&#8221; header_2_text_color=&#8221;#FFFFFF&#8221; header_2_font_size=&#8221;30px&#8221; header_2_line_height=&#8221;1.2em&#8221; max_width=&#8221;370px&#8221; custom_margin=&#8221;||1em||false|false&#8221; header_2_font_size_tablet=&#8221;30px&#8221; header_2_font_size_phone=&#8221;25px&#8221; header_2_font_size_last_edited=&#8221;on|phone&#8221; custom_css_free_form=&#8221;selector em{||  color:#2FBDCA;||  font-weight:bold;||  font-style:normal;||}||selector h2{||  padding-bottom:0px;||}&#8221; global_colors_info=&#8221;{}&#8221;]<\/p>\n<h2><strong>DEMANA\u2019NS INFORMACI\u00d3<\/strong> SENSE COMPROM\u00cdS<\/h2>\n<p>[\/et_pb_text][et_pb_text _builder_version=&#8221;4.27.4&#8243; _module_preset=&#8221;default&#8221; text_font=&#8221;||||||||&#8221; text_text_color=&#8221;#FFFFFF&#8221; global_colors_info=&#8221;{}&#8221;]<\/p>\n<p>Tens dubtes o necessites un pressupost? <strong>Truca\u2019ns, escriu-nos o omple el formulari<\/strong>. Et respondrem al m\u00e9s aviat possible. Consulta el nostre <strong>horari<\/strong> i si vols con\u00e8ixer-nos millor, <strong>troba\u2019ns a les xarxes socials!<\/strong><\/p>\n<p>[\/et_pb_text][et_pb_text _builder_version=&#8221;4.27.4&#8243; _module_preset=&#8221;default&#8221; text_text_color=&#8221;#FFFFFF&#8221; width=&#8221;50%&#8221; width_tablet=&#8221;50%&#8221; width_phone=&#8221;100%&#8221; width_last_edited=&#8221;on|phone&#8221; max_width=&#8221;50%&#8221; max_width_tablet=&#8221;50%&#8221; max_width_phone=&#8221;100%&#8221; max_width_last_edited=&#8221;on|phone&#8221; custom_padding=&#8221;|1em|||false|false&#8221; custom_css_free_form=&#8221;selector p,||selector a,||selector b,||selector strong{||  color:white !important;||  font-weight:500 !important;||  font-size:14px !important;||  display:inline;||}||selector b,||selector strong{||  font-weight:bold !important;||}||selector i{||  color:white;||  margin-right:0.5em;||}&#8221; global_colors_info=&#8221;{}&#8221;]<\/p>\n<p><i class=\"fa-solid fa-location-dot\"><\/i><b>UBICACI\u00d3<br \/><\/b><\/p>\n<div style=\"margin-bottom: 1em;\"><a href=\"https:\/\/maps.app.goo.gl\/sVzavm9wSdxutR619\" target=\"_blank\" rel=\"noopener\">C\/ Sardenya, 354 (Barcelona)<\/a><\/div>\n<div><i class=\"fa-solid fa-clock\"><\/i><b>CONTACTE<\/b><\/div>\n<div><a href=\"mailto:info@aluminiosalutech.com\" target=\"_blank\" rel=\"noopener\">info@aluminiosalutech.com<\/a><br \/><a href=\"tel:+34934580468\" target=\"_blank\" rel=\"noopener\">93 458 04 68<\/a><br \/><a href=\"tel:+34616564393\" target=\"_blank\" rel=\"noopener\">616 564 393<\/a><\/div>\n<p>[\/et_pb_text][et_pb_text _builder_version=&#8221;4.27.4&#8243; _module_preset=&#8221;default&#8221; text_text_color=&#8221;#FFFFFF&#8221; width=&#8221;50%&#8221; width_tablet=&#8221;50%&#8221; width_phone=&#8221;100%&#8221; width_last_edited=&#8221;on|phone&#8221; max_width=&#8221;50%&#8221; max_width_tablet=&#8221;50%&#8221; max_width_phone=&#8221;100%&#8221; max_width_last_edited=&#8221;on|phone&#8221; custom_css_free_form=&#8221;selector p,||selector a,||selector b,||selector strong{||  color:white !important;||  font-weight:500 !important;||  font-size:14px !important;||  display:inline;||}||selector b,||selector strong{||  font-weight:bold !important;||}||selector i{||  color:white;||  margin-right:0.5em;||}||selector .redes-sociales i{||  font-size:20px;||}||@media(max-width:980px){||selector .redes-sociales i{||  font-size:25px;||  margin-right:0.8em;||  margin-top:0.2em;||}||}||&#8221; global_colors_info=&#8221;{}&#8221;]<span><i class=\"fa-solid fa-clock\"><\/i><strong>HORARI<br \/> <\/strong><\/span><\/p>\n<div><strong>Dilluns a Divendres<\/strong><br \/>\nDe 9:00h a 14:00h i de 15:00h a 19:00h<\/div>\n<div style=\"margin-bottom: 1em;\"><strong>Dissabte<\/strong><br \/>\n9:00h a 13:30h<\/div>\n<div><b>XARXES SOCIALS<\/b><\/div>\n<div style=\"display: flex;\" class=\"redes-sociales\"><a href=\"https:\/\/www.facebook.com\/p\/Carpinteria-de-Aluminio-Alutech-100068906844045\/\" target=\"_blank\" rel=\"noopener\"><i class=\"fa-brands fa-square-facebook\"><\/i><\/a><br \/>\n<a href=\"https:\/\/www.instagram.com\/alutech_aluminio\/\" target=\"_blank\" rel=\"noopener\"><i class=\"fa-brands fa-square-instagram\"><\/i><\/a><\/div>\n<p>[\/et_pb_text][\/et_pb_column][et_pb_column type=&#8221;1_2&#8243; _builder_version=&#8221;4.27.4&#8243; custom_padding=&#8221;2em||2em||true|false&#8221; custom_css_free_form=&#8221;selector{||  justify-content: center !important;||\talign-items: center !important;||\tdisplay: flex !important;||\tflex-flow: column !important;||}&#8221; global_colors_info=&#8221;{}&#8221; custom_padding__hover=&#8221;|||&#8221;][et_pb_text _builder_version=&#8221;4.27.4&#8243; _module_preset=&#8221;default&#8221; text_font=&#8221;|||on|||||&#8221; header_2_text_align=&#8221;center&#8221; header_2_font_size=&#8221;30px&#8221; header_2_line_height=&#8221;1.2em&#8221; custom_margin=&#8221;||1em||false|false&#8221; custom_margin_tablet=&#8221;||2em||false|false&#8221; custom_margin_phone=&#8221;||1em||false|false&#8221; custom_margin_last_edited=&#8221;on|phone&#8221; header_2_font_size_tablet=&#8221;30px&#8221; header_2_font_size_phone=&#8221;25px&#8221; header_2_font_size_last_edited=&#8221;on|phone&#8221; custom_css_free_form=&#8221;selector em{||  color:#198385;||  font-weight:bold;||  font-style:normal;||}||selector h2{||  padding-bottom:0px;||}&#8221; global_colors_info=&#8221;{}&#8221;]<\/p>\n<h2>Necessites un <em>pressupost<\/em>?<\/h2>\n<p>[\/et_pb_text][et_pb_code _builder_version=&#8221;4.27.4&#8243; _module_preset=&#8221;default&#8221; global_colors_info=&#8221;{}&#8221;]\n<div class=\"wpcf7 no-js\" id=\"wpcf7-f2534-o1\" lang=\"es-ES\" dir=\"ltr\" data-wpcf7-id=\"2534\">\n<div class=\"screen-reader-response\"><p role=\"status\" aria-live=\"polite\" aria-atomic=\"true\"><\/p> <ul><\/ul><\/div>\n<form action=\"\/ca\/wp-json\/wp\/v2\/pages\/2554#wpcf7-f2534-o1\" method=\"post\" class=\"wpcf7-form init\" aria-label=\"Formulario de contacto\" novalidate=\"novalidate\" data-status=\"init\">\n<fieldset class=\"hidden-fields-container\"><input type=\"hidden\" name=\"_wpcf7\" value=\"2534\" \/><input type=\"hidden\" name=\"_wpcf7_version\" value=\"6.1.2\" \/><input type=\"hidden\" name=\"_wpcf7_locale\" value=\"es_ES\" \/><input type=\"hidden\" name=\"_wpcf7_unit_tag\" value=\"wpcf7-f2534-o1\" \/><input type=\"hidden\" name=\"_wpcf7_container_post\" value=\"0\" \/><input type=\"hidden\" name=\"_wpcf7_posted_data_hash\" value=\"\" \/>\n<\/fieldset>\n<div class=\"form-izq\">\n\t<p><span class=\"wpcf7-form-control-wrap\" data-name=\"nombre\"><input size=\"40\" maxlength=\"400\" class=\"wpcf7-form-control wpcf7-text wpcf7-validates-as-required\" autocomplete=\"name\" aria-required=\"true\" aria-invalid=\"false\" placeholder=\"Nom *\" value=\"\" type=\"text\" name=\"nombre\" \/><\/span><br \/>\n<span class=\"wpcf7-form-control-wrap\" data-name=\"your-email\"><input size=\"40\" maxlength=\"400\" class=\"wpcf7-form-control wpcf7-email wpcf7-validates-as-required wpcf7-text wpcf7-validates-as-email\" autocomplete=\"email\" aria-required=\"true\" aria-invalid=\"false\" placeholder=\"Correu electr\u00f2nic *\" value=\"\" type=\"email\" name=\"your-email\" \/><\/span>\n\t<\/p>\n<\/div>\n<div class=\"form-dch\">\n\t<p><span class=\"wpcf7-form-control-wrap\" data-name=\"telefono\"><input size=\"40\" maxlength=\"400\" class=\"wpcf7-form-control wpcf7-tel wpcf7-validates-as-required wpcf7-text wpcf7-validates-as-tel\" autocomplete=\"tel\" aria-required=\"true\" aria-invalid=\"false\" placeholder=\"Tel\u00e8fon *\" value=\"\" type=\"tel\" name=\"telefono\" \/><\/span><br \/>\n<span class=\"wpcf7-form-control-wrap\" data-name=\"poblacion\"><input size=\"40\" maxlength=\"400\" class=\"wpcf7-form-control wpcf7-text\" autocomplete=\"name\" aria-invalid=\"false\" placeholder=\"Poblaci\u00f3 *\" value=\"\" type=\"text\" name=\"poblacion\" \/><\/span>\n\t<\/p>\n<\/div>\n<div class=\"form-full\">\n\t<p><span class=\"wpcf7-form-control-wrap\" data-name=\"mensaje\"><textarea cols=\"40\" rows=\"10\" maxlength=\"2000\" class=\"wpcf7-form-control wpcf7-textarea\" aria-invalid=\"false\" placeholder=\"Explica breument el teu projecte...\" name=\"mensaje\"><\/textarea><\/span>\n\t<\/p>\n<\/div>\n<div class=\"form-full\">\n\t<p>*Els camps marcats amb asterisc s\u00f3n obligatoris\n\t<\/p>\n\t<p><span id=\"wpcf7-69f0f51657895-wrapper\" class=\"wpcf7-form-control-wrap email-wrap\" style=\"display:none !important; visibility:hidden !important;\"><label for=\"wpcf7-69f0f51657895-field\" class=\"hp-message\">Por favor, deja este campo vac\u00edo.<\/label><input id=\"wpcf7-69f0f51657895-field\"  class=\"wpcf7-form-control wpcf7-text\" type=\"text\" name=\"email\" value=\"\" size=\"40\" tabindex=\"-1\" autocomplete=\"new-password\" \/><\/span><br \/>\n<label class=\"privacidad\"><span class=\"wpcf7-form-control-wrap\" data-name=\"privacidad\"><span class=\"wpcf7-form-control wpcf7-acceptance\"><span class=\"wpcf7-list-item\"><input type=\"checkbox\" name=\"privacidad\" value=\"1\" aria-invalid=\"false\" \/><\/span><\/span><\/span> He llegit i accepto la <a href='\/politica-de-privacitat\/' target='_blank'>Pol\u00edtica de privacitat<\/a><\/label><br \/>\n<input class=\"wpcf7-form-control wpcf7-submit has-spinner\" type=\"submit\" value=\"Enviar\" \/>\n\t<\/p>\n<\/div><div class=\"wpcf7-response-output\" aria-hidden=\"true\"><\/div>\n<\/form>\n<\/div>\n[\/et_pb_code][\/et_pb_column][\/et_pb_row][\/et_pb_section][et_pb_section fb_built=&#8221;1&#8243; admin_label=&#8221;section&#8221; _builder_version=&#8221;4.27.4&#8243; custom_padding=&#8221;0px||0px||true|false&#8221; global_module=&#8221;2093&#8243; global_colors_info=&#8221;{}&#8221;][et_pb_row column_structure=&#8221;1_2,1_2&#8243; make_equal=&#8221;on&#8221; admin_label=&#8221;row&#8221; _builder_version=&#8221;4.27.4&#8243; background_size=&#8221;initial&#8221; background_position=&#8221;top_left&#8221; background_repeat=&#8221;repeat&#8221; width=&#8221;90%&#8221; custom_padding=&#8221;0px||||false|false&#8221; global_colors_info=&#8221;{}&#8221;][et_pb_column type=&#8221;1_2&#8243; _builder_version=&#8221;4.27.4&#8243; custom_padding=&#8221;|||&#8221; custom_css_main_element=&#8221;display:flex;||flex-flow:wrap;&#8221; global_colors_info=&#8221;{}&#8221; custom_padding__hover=&#8221;|||&#8221; custom_css_main_element_last_edited=&#8221;on|phone&#8221; custom_css_main_element_phone=&#8221;justify-content:center;||justify-items:center;&#8221; custom_css_main_element_tablet=&#8221;display:flex;||flex-flow:wrap;&#8221;][et_pb_text _builder_version=&#8221;4.27.4&#8243; _module_preset=&#8221;default&#8221; text_font=&#8221;|||on|||||&#8221; header_2_text_align=&#8221;left&#8221; header_2_font_size=&#8221;30px&#8221; header_2_line_height=&#8221;1.2em&#8221; width_tablet=&#8221;&#8221; width_phone=&#8221;100%&#8221; width_last_edited=&#8221;on|phone&#8221; custom_margin=&#8221;||1em||false|false&#8221; header_2_font_size_tablet=&#8221;30px&#8221; header_2_font_size_phone=&#8221;25px&#8221; header_2_font_size_last_edited=&#8221;on|phone&#8221; custom_css_free_form=&#8221;selector em{||  color:#198385;||  font-weight:bold;||  font-style:normal;||}||selector h2{||  padding-bottom:0px;||}&#8221; global_colors_info=&#8221;{}&#8221;]<\/p>\n<h2>Descobreix els nostres<br \/><em>treballs realitzats<\/em><\/h2>\n<p>[\/et_pb_text][et_pb_text _builder_version=&#8221;4.27.4&#8243; _module_preset=&#8221;default&#8221; text_font=&#8221;|300|||||||&#8221; locked=&#8221;off&#8221; global_colors_info=&#8221;{}&#8221;]<\/p>\n<p>A Alutech desenvolupem <strong>projectes de fusteria d\u2019alumini a mida<\/strong>, com portes corredisses amb trencament t\u00e8rmic i persianes integrades per a un major confort t\u00e8rmic.<\/p>\n<p>Tamb\u00e9 instal\u00b7lem portes d\u2019acc\u00e9s comunitari en alumini blanc, amb vidres laterals que milloren l\u2019entrada de llum i reforcen la seguretat de l\u2019edifici.<\/p>\n<p>Els nostres treballs inclouen estructures fixes d\u2019alumini per a claraboies, amb vidre armat o policarbonat, ideals per optimitzar la llum natural a l\u2019interior.<\/p>\n<p>[\/et_pb_text][et_pb_blurb image=&#8221;https:\/\/aluminiosalutech.com\/wp-content\/uploads\/alutech-icono-diseno-a-medida.svg&#8221; image_icon_width=&#8221;50px&#8221; content_max_width=&#8221;80%&#8221; _builder_version=&#8221;4.27.4&#8243; _module_preset=&#8221;default&#8221; header_font=&#8221;|700||on|||||&#8221; header_text_align=&#8221;center&#8221; header_font_size=&#8221;16px&#8221; body_font=&#8221;|300||on|||||&#8221; body_text_align=&#8221;center&#8221; image_icon_custom_margin=&#8221;||0em||false|false&#8221; width=&#8221;33.33%&#8221; width_tablet=&#8221;33.33%&#8221; width_phone=&#8221;100%&#8221; width_last_edited=&#8221;on|phone&#8221; max_width=&#8221;33.33%&#8221; max_width_tablet=&#8221;33.33%&#8221; max_width_phone=&#8221;100%&#8221; max_width_last_edited=&#8221;on|tablet&#8221; locked=&#8221;off&#8221; global_colors_info=&#8221;{}&#8221;]<\/p>\n<p><strong>Disseny a mida <\/strong>d\u2019alumini<\/p>\n<p>[\/et_pb_blurb][et_pb_blurb image=&#8221;https:\/\/aluminiosalutech.com\/wp-content\/uploads\/alutech-icono-soluciones-funcionales.svg&#8221; image_icon_width=&#8221;37px&#8221; content_max_width=&#8221;80%&#8221; _builder_version=&#8221;4.27.4&#8243; _module_preset=&#8221;default&#8221; header_font=&#8221;|700||on|||||&#8221; header_text_align=&#8221;center&#8221; header_font_size=&#8221;16px&#8221; body_font=&#8221;|300||on|||||&#8221; body_text_align=&#8221;center&#8221; image_icon_custom_margin=&#8221;||0em||false|false&#8221; width=&#8221;33.33%&#8221; width_tablet=&#8221;33.33%&#8221; width_phone=&#8221;100%&#8221; width_last_edited=&#8221;on|phone&#8221; max_width=&#8221;33.33%&#8221; max_width_tablet=&#8221;33.33%&#8221; max_width_phone=&#8221;100%&#8221; max_width_last_edited=&#8221;on|desktop&#8221; locked=&#8221;off&#8221; global_colors_info=&#8221;{}&#8221;]<\/p>\n<p>Solucions <strong>funcionals i segures<\/strong><\/p>\n<p>[\/et_pb_blurb][et_pb_blurb image=&#8221;https:\/\/aluminiosalutech.com\/wp-content\/uploads\/alutech-icono-materiales-alta-calidad.svg&#8221; image_icon_width=&#8221;79px&#8221; content_max_width=&#8221;80%&#8221; _builder_version=&#8221;4.27.4&#8243; _module_preset=&#8221;default&#8221; header_font=&#8221;|700||on|||||&#8221; header_text_align=&#8221;center&#8221; header_font_size=&#8221;16px&#8221; body_font=&#8221;|300||on|||||&#8221; body_text_align=&#8221;center&#8221; image_icon_custom_margin=&#8221;||0em||false|false&#8221; width=&#8221;33.33%&#8221; width_tablet=&#8221;33.33%&#8221; width_phone=&#8221;100%&#8221; width_last_edited=&#8221;on|phone&#8221; max_width=&#8221;33.33%&#8221; max_width_tablet=&#8221;33.33%&#8221; max_width_phone=&#8221;100%&#8221; max_width_last_edited=&#8221;on|desktop&#8221; locked=&#8221;off&#8221; global_colors_info=&#8221;{}&#8221;]<\/p>\n<p>Materials de <strong>alta durabilitat<\/strong><\/p>\n<p>[\/et_pb_blurb][et_pb_button button_url=&#8221;@ET-DC@eyJkeW5hbWljIjp0cnVlLCJjb250ZW50IjoicG9zdF9saW5rX3VybF9wYWdlIiwic2V0dGluZ3MiOnsicG9zdF9pZCI6Ijc3In19@&#8221; button_text=&#8221;Veure projectes&#8221; _builder_version=&#8221;4.27.4&#8243; _dynamic_attributes=&#8221;button_url&#8221; _module_preset=&#8221;default&#8221; custom_button=&#8221;on&#8221; button_text_size=&#8221;14px&#8221; button_font=&#8221;|700|||||||&#8221; button_use_icon=&#8221;off&#8221; locked=&#8221;off&#8221; global_colors_info=&#8221;{}&#8221;][\/et_pb_button][\/et_pb_column][et_pb_column type=&#8221;1_2&#8243; _builder_version=&#8221;4.27.4&#8243; background_enable_color=&#8221;off&#8221; background_image=&#8221;https:\/\/aluminiosalutech.com\/wp-content\/uploads\/alutech-trabajos-realizados-scaled.webp&#8221; custom_padding=&#8221;15em|2em|15em|2em|true|true&#8221; custom_padding_tablet=&#8221;18em||18em||true|true&#8221; custom_padding_phone=&#8221;10em||10em||true|true&#8221; custom_padding_last_edited=&#8221;on|phone&#8221; global_colors_info=&#8221;{}&#8221; custom_padding__hover=&#8221;|||&#8221; custom_css_main_element_last_edited=&#8221;on|phone&#8221; custom_css_main_element_tablet=&#8221;display:flex !important;&#8221; custom_css_main_element_phone=&#8221;display:flex !important;&#8221;][\/et_pb_column][\/et_pb_row][\/et_pb_section]<\/p>\n","protected":false},"excerpt":{"rendered":"<p>Balcons i terrasses<nav class=\"welove-breadcrumbs\" aria-label=\"breadcrumbs\"><a href=\"https:\/\/aluminiosalutech.com\/ca\/\">Inicio<\/a>&#8221;<\/nav>Vidrieres de balc\u00f3 i terrassaDissenyem, fabriquem i instal\u00b7lem fusteria met\u00e0l\u00b7lica a mida per transformar i protegir el teu balc\u00f3 o terrassa. Terrassa i balc\u00f3 amb vidrieres a mida: Instal\u00b7lem vidrieres plegables i parets acristallades sense marc fix per maximitzar la llum i la continu\u00eftat. Tamb\u00e9 vidrieres corredisses que ocupen el [&hellip;]<\/p>\n","protected":false},"author":1,"featured_media":2308,"parent":0,"menu_order":0,"comment_status":"closed","ping_status":"closed","template":"","meta":{"_acf_changed":false,"_et_pb_use_builder":"on","_et_pb_old_content":"","_et_gb_content_width":"","inline_featured_image":false,"footnotes":""},"class_list":["post-2554","page","type-page","status-publish","has-post-thumbnail","hentry"],"acf":[],"yoast_head":"<!-- This site is optimized with the Yoast SEO plugin v26.3 - https:\/\/yoast.com\/wordpress\/plugins\/seo\/ -->\n<title>Tancaments per a Balcons i Terrasses a Barcelona | Alutech<\/title>\n<meta name=\"description\" content=\"Tancaments a mida per a balcons i terrasses a Barcelona. A\u00efllament t\u00e8rmic i ac\u00fastic, estanquitat i est\u00e8tica.\" \/>\n<meta name=\"robots\" content=\"index, follow, max-snippet:-1, max-image-preview:large, max-video-preview:-1\" \/>\n<link rel=\"canonical\" href=\"https:\/\/aluminiosalutech.com\/ca\/balcons-i-terrasses\/\" \/>\n<meta property=\"og:locale\" content=\"ca_ES\" \/>\n<meta property=\"og:type\" content=\"article\" \/>\n<meta property=\"og:title\" content=\"Tancaments per a Balcons i Terrasses a Barcelona | Alutech\" \/>\n<meta property=\"og:description\" content=\"Tancaments a mida per a balcons i terrasses a Barcelona. A\u00efllament t\u00e8rmic i ac\u00fastic, estanquitat i est\u00e8tica.\" \/>\n<meta property=\"og:url\" content=\"https:\/\/aluminiosalutech.com\/ca\/balcons-i-terrasses\/\" \/>\n<meta property=\"og:site_name\" content=\"Alutech\" \/>\n<meta property=\"article:modified_time\" content=\"2025-10-17T15:12:52+00:00\" \/>\n<meta property=\"og:image\" content=\"https:\/\/aluminiosalutech.com\/wp-content\/uploads\/alutech-balcones-terrazas.webp\" \/>\n\t<meta property=\"og:image:width\" content=\"830\" \/>\n\t<meta property=\"og:image:height\" content=\"615\" \/>\n\t<meta property=\"og:image:type\" content=\"image\/webp\" \/>\n<meta name=\"twitter:card\" content=\"summary_large_image\" \/>\n<meta name=\"twitter:label1\" content=\"Temps estimat de lectura\" \/>\n\t<meta name=\"twitter:data1\" content=\"18 minuts\" \/>\n<script type=\"application\/ld+json\" class=\"yoast-schema-graph\">{\"@context\":\"https:\/\/schema.org\",\"@graph\":[{\"@type\":\"WebPage\",\"@id\":\"https:\/\/aluminiosalutech.com\/ca\/balcons-i-terrasses\/\",\"url\":\"https:\/\/aluminiosalutech.com\/ca\/balcons-i-terrasses\/\",\"name\":\"Tancaments per a Balcons i Terrasses a Barcelona | Alutech\",\"isPartOf\":{\"@id\":\"https:\/\/aluminiosalutech.com\/ca\/#website\"},\"primaryImageOfPage\":{\"@id\":\"https:\/\/aluminiosalutech.com\/ca\/balcons-i-terrasses\/#primaryimage\"},\"image\":{\"@id\":\"https:\/\/aluminiosalutech.com\/ca\/balcons-i-terrasses\/#primaryimage\"},\"thumbnailUrl\":\"https:\/\/aluminiosalutech.com\/wp-content\/uploads\/alutech-balcones-terrazas.webp\",\"datePublished\":\"2025-09-15T13:15:50+00:00\",\"dateModified\":\"2025-10-17T15:12:52+00:00\",\"description\":\"Tancaments a mida per a balcons i terrasses a Barcelona. A\u00efllament t\u00e8rmic i ac\u00fastic, estanquitat i est\u00e8tica.\",\"breadcrumb\":{\"@id\":\"https:\/\/aluminiosalutech.com\/ca\/balcons-i-terrasses\/#breadcrumb\"},\"inLanguage\":\"ca\",\"potentialAction\":[{\"@type\":\"ReadAction\",\"target\":[\"https:\/\/aluminiosalutech.com\/ca\/balcons-i-terrasses\/\"]}]},{\"@type\":\"ImageObject\",\"inLanguage\":\"ca\",\"@id\":\"https:\/\/aluminiosalutech.com\/ca\/balcons-i-terrasses\/#primaryimage\",\"url\":\"https:\/\/aluminiosalutech.com\/wp-content\/uploads\/alutech-balcones-terrazas.webp\",\"contentUrl\":\"https:\/\/aluminiosalutech.com\/wp-content\/uploads\/alutech-balcones-terrazas.webp\",\"width\":830,\"height\":615},{\"@type\":\"BreadcrumbList\",\"@id\":\"https:\/\/aluminiosalutech.com\/ca\/balcons-i-terrasses\/#breadcrumb\",\"itemListElement\":[{\"@type\":\"ListItem\",\"position\":1,\"name\":\"Portada\",\"item\":\"https:\/\/aluminiosalutech.com\/ca\/\"},{\"@type\":\"ListItem\",\"position\":2,\"name\":\"Balcons i terrasses\"}]},{\"@type\":\"WebSite\",\"@id\":\"https:\/\/aluminiosalutech.com\/ca\/#website\",\"url\":\"https:\/\/aluminiosalutech.com\/ca\/\",\"name\":\"Alutech\",\"description\":\"\",\"potentialAction\":[{\"@type\":\"SearchAction\",\"target\":{\"@type\":\"EntryPoint\",\"urlTemplate\":\"https:\/\/aluminiosalutech.com\/ca\/?s={search_term_string}\"},\"query-input\":{\"@type\":\"PropertyValueSpecification\",\"valueRequired\":true,\"valueName\":\"search_term_string\"}}],\"inLanguage\":\"ca\"}]}<\/script>\n<!-- \/ Yoast SEO plugin. -->","yoast_head_json":{"title":"Tancaments per a Balcons i Terrasses a Barcelona | Alutech","description":"Tancaments a mida per a balcons i terrasses a Barcelona. A\u00efllament t\u00e8rmic i ac\u00fastic, estanquitat i est\u00e8tica.","robots":{"index":"index","follow":"follow","max-snippet":"max-snippet:-1","max-image-preview":"max-image-preview:large","max-video-preview":"max-video-preview:-1"},"canonical":"https:\/\/aluminiosalutech.com\/ca\/balcons-i-terrasses\/","og_locale":"ca_ES","og_type":"article","og_title":"Tancaments per a Balcons i Terrasses a Barcelona | Alutech","og_description":"Tancaments a mida per a balcons i terrasses a Barcelona. A\u00efllament t\u00e8rmic i ac\u00fastic, estanquitat i est\u00e8tica.","og_url":"https:\/\/aluminiosalutech.com\/ca\/balcons-i-terrasses\/","og_site_name":"Alutech","article_modified_time":"2025-10-17T15:12:52+00:00","og_image":[{"width":830,"height":615,"url":"https:\/\/aluminiosalutech.com\/wp-content\/uploads\/alutech-balcones-terrazas.webp","type":"image\/webp"}],"twitter_card":"summary_large_image","twitter_misc":{"Temps estimat de lectura":"18 minuts"},"schema":{"@context":"https:\/\/schema.org","@graph":[{"@type":"WebPage","@id":"https:\/\/aluminiosalutech.com\/ca\/balcons-i-terrasses\/","url":"https:\/\/aluminiosalutech.com\/ca\/balcons-i-terrasses\/","name":"Tancaments per a Balcons i Terrasses a Barcelona | Alutech","isPartOf":{"@id":"https:\/\/aluminiosalutech.com\/ca\/#website"},"primaryImageOfPage":{"@id":"https:\/\/aluminiosalutech.com\/ca\/balcons-i-terrasses\/#primaryimage"},"image":{"@id":"https:\/\/aluminiosalutech.com\/ca\/balcons-i-terrasses\/#primaryimage"},"thumbnailUrl":"https:\/\/aluminiosalutech.com\/wp-content\/uploads\/alutech-balcones-terrazas.webp","datePublished":"2025-09-15T13:15:50+00:00","dateModified":"2025-10-17T15:12:52+00:00","description":"Tancaments a mida per a balcons i terrasses a Barcelona. A\u00efllament t\u00e8rmic i ac\u00fastic, estanquitat i est\u00e8tica.","breadcrumb":{"@id":"https:\/\/aluminiosalutech.com\/ca\/balcons-i-terrasses\/#breadcrumb"},"inLanguage":"ca","potentialAction":[{"@type":"ReadAction","target":["https:\/\/aluminiosalutech.com\/ca\/balcons-i-terrasses\/"]}]},{"@type":"ImageObject","inLanguage":"ca","@id":"https:\/\/aluminiosalutech.com\/ca\/balcons-i-terrasses\/#primaryimage","url":"https:\/\/aluminiosalutech.com\/wp-content\/uploads\/alutech-balcones-terrazas.webp","contentUrl":"https:\/\/aluminiosalutech.com\/wp-content\/uploads\/alutech-balcones-terrazas.webp","width":830,"height":615},{"@type":"BreadcrumbList","@id":"https:\/\/aluminiosalutech.com\/ca\/balcons-i-terrasses\/#breadcrumb","itemListElement":[{"@type":"ListItem","position":1,"name":"Portada","item":"https:\/\/aluminiosalutech.com\/ca\/"},{"@type":"ListItem","position":2,"name":"Balcons i terrasses"}]},{"@type":"WebSite","@id":"https:\/\/aluminiosalutech.com\/ca\/#website","url":"https:\/\/aluminiosalutech.com\/ca\/","name":"Alutech","description":"","potentialAction":[{"@type":"SearchAction","target":{"@type":"EntryPoint","urlTemplate":"https:\/\/aluminiosalutech.com\/ca\/?s={search_term_string}"},"query-input":{"@type":"PropertyValueSpecification","valueRequired":true,"valueName":"search_term_string"}}],"inLanguage":"ca"}]}},"_links":{"self":[{"href":"https:\/\/aluminiosalutech.com\/ca\/wp-json\/wp\/v2\/pages\/2554","targetHints":{"allow":["GET"]}}],"collection":[{"href":"https:\/\/aluminiosalutech.com\/ca\/wp-json\/wp\/v2\/pages"}],"about":[{"href":"https:\/\/aluminiosalutech.com\/ca\/wp-json\/wp\/v2\/types\/page"}],"author":[{"embeddable":true,"href":"https:\/\/aluminiosalutech.com\/ca\/wp-json\/wp\/v2\/users\/1"}],"replies":[{"embeddable":true,"href":"https:\/\/aluminiosalutech.com\/ca\/wp-json\/wp\/v2\/comments?post=2554"}],"version-history":[{"count":2,"href":"https:\/\/aluminiosalutech.com\/ca\/wp-json\/wp\/v2\/pages\/2554\/revisions"}],"predecessor-version":[{"id":2556,"href":"https:\/\/aluminiosalutech.com\/ca\/wp-json\/wp\/v2\/pages\/2554\/revisions\/2556"}],"wp:featuredmedia":[{"embeddable":true,"href":"https:\/\/aluminiosalutech.com\/ca\/wp-json\/wp\/v2\/media\/2308"}],"wp:attachment":[{"href":"https:\/\/aluminiosalutech.com\/ca\/wp-json\/wp\/v2\/media?parent=2554"}],"curies":[{"name":"wp","href":"https:\/\/api.w.org\/{rel}","templated":true}]}}